{"id":57605,"date":"2026-09-01T05:30:00","date_gmt":"2026-09-01T09:30:00","guid":{"rendered":"https:\/\/www.oiq.qc.ca\/?post_type=publication&#038;p=57605"},"modified":"2026-08-31T10:48:59","modified_gmt":"2026-08-31T14:48:59","slug":"infrastructures-la-population-a-parle","status":"publish","type":"publication","link":"https:\/\/www.oiq.qc.ca\/en\/publication\/infrastructures-la-population-a-parle\/","title":{"rendered":"Infrastructures\u00a0: la population a parl\u00e9"},"content":{"rendered":"<div class=\"block-wrapper wp-block-acf-text-media\" data-block-name=\"Text + Media Altern\u00e9s\">\n<div class=\"text-media reverse layout-50-50 has-shadow\">\n    <div class=\"container\">\n        <div class=\"tm-left\">\n                                                    <div class=\"wysiwyg \">\n\t<p>J\u2019esp\u00e8re que la p\u00e9riode estivale vous aura permis de profiter de quelques moments de repos et de faire le plein d\u2019\u00e9nergie. De mon c\u00f4t\u00e9, je suis heureuse de vous retrouver pour la rentr\u00e9e \u00e0 l\u2019heure de la campagne \u00e9lectorale.<\/p>\n<p>Pour l\u2019Ordre, cette campagne arrive \u00e0 un moment d\u00e9terminant. Ces derniers mois, nous avons beaucoup parl\u00e9 de l\u2019\u00e9tat des infrastructures et du changement de culture qui s\u2019impose. \u00c0 ce constat s\u2019ajoute maintenant une voix importante : celle de la population.<\/p>\n<p>&nbsp;<\/p>\n\n<\/div>                                <\/div>\n        <div class=\"tm-right\">\n                                            <img decoding=\"async\" class=\"tm-image has-shadow\" src=\"https:\/\/www.oiq.qc.ca\/wp-content\/uploads\/photo-sophie-lariviere-mantha-2025-560x370-1.jpg\" alt=\"\">\n                                      <\/div>\n    <\/div>\n  <\/div>\n\n<\/div>\n\n\n<div class=\"block-wrapper wp-block-acf-wysiwyg\" data-block-name=\"Wysiwyg\">\n<div class=\"bloc-wysiwyg \">\n    <div class=\"container\">\n        <div class=\"wysiwyg \">\n\t<p>Notre plus r\u00e9cent <a href=\"https:\/\/www.oiq.qc.ca\/wp-content\/uploads\/Sondage_infras_rapport-Leger-x-OIQ_aout2026.pdf\" target=\"_blank\" rel=\"noopener\">sondage L\u00e9ger<\/a> r\u00e9v\u00e8le que les Qu\u00e9b\u00e9coises et les Qu\u00e9b\u00e9cois souhaitent que l\u2019on agisse.<\/p>\n<p>Pour 82 % d\u2019entre eux et elles, l\u2019\u00e9tat des infrastructures constitue un enjeu important de la prochaine \u00e9lection. Et 71 % privil\u00e9gient l\u2019entretien et la r\u00e9fection des actifs plut\u00f4t que la construction de nouvelles infrastructures.<\/p>\n<p>Le message est clair.<\/p>\n<p>J\u2019estime qu\u2019il est temps de passer des constats aux engagements. Comment les formations politiques comptent-elles mieux mesurer l\u2019\u00e9tat de nos infrastructures ? Quels m\u00e9canismes de reddition de comptes proposent-elles ? Comment assureront-elles une planification \u00e0 long<br \/>\nterme ? Et de quelle fa\u00e7on comptent-elles r\u00e9duire la croissance du d\u00e9ficit de maintien d\u2019actifs ?<\/p>\n<p>Les r\u00e9ponses \u00e0 ces questions sont d\u00e9terminantes. Car le v\u00e9ritable virage dont nous avons besoin ne repose pas uniquement sur les sommes investies, mais sur notre capacit\u00e9 \u00e0 changer nos fa\u00e7ons de faire : mieux planifier, mieux prioriser et mieux rendre compte des d\u00e9cisions prises.<\/p>\n<p>Le diagnostic est pos\u00e9. Les solutions sont sur la table. La population demande d\u2019agir.<\/p>\n<p>La campagne \u00e9lectorale est une occasion privil\u00e9gi\u00e9e de traduire cette volont\u00e9 en engagements concrets.<\/p>\n<p>Saisissons-l\u00e0 !<\/p>\n<p>Sophie Larivi\u00e8re-Mantha ing., MBA, ASC<br \/>\nPr\u00e9sidente<\/p>\n\n<\/div>    <\/div>\n<\/div>\n<\/div>\n\n\n<div class=\"block-wrapper wp-block-acf-text-media\" data-block-name=\"Text + Media Altern\u00e9s\">\n<\/div>\n","protected":false},"excerpt":{"rendered":"","protected":false},"featured_media":0,"template":"","meta":{"_acf_changed":false,"_relevanssi_hide_post":"","_relevanssi_hide_content":"","_relevanssi_pin_for_all":"","_relevanssi_pin_keywords":"","_relevanssi_unpin_keywords":"","_relevanssi_related_keywords":"","_relevanssi_related_include_ids":"","_relevanssi_related_exclude_ids":"","_relevanssi_related_no_append":"","_relevanssi_related_not_related":"","_relevanssi_related_posts":"","_relevanssi_noindex_reason":"","inline_featured_image":false,"footnotes":""},"type_publication":[],"secteurs_activites":[],"categorie_publication":[],"theme":[],"class_list":["post-57605","publication","type-publication","status-publish","hentry"],"acf":[],"yoast_head":"<!-- This site is optimized with the Yoast SEO plugin v28.4 - https:\/\/yoast.com\/product\/yoast-seo-wordpress\/ -->\n<title>Infrastructures\u00a0: la population a parl\u00e9 - OIQ - Ordre des ing\u00e9nieurs du Qu\u00e9bec (French only)<\/title>\n<meta name=\"description\" content=\"Dans le contexte pr\u00e9\u00e9lectoral, l\u2019\u00e9tat des infrastructures publiques demeure un sujet important du d\u00e9bat public.\" \/>\n<meta name=\"robots\" content=\"index, follow, max-snippet:-1, max-image-preview:large, max-video-preview:-1\" \/>\n<link rel=\"canonical\" href=\"https:\/\/www.oiq.qc.ca\/en\/publication\/infrastructures-la-population-a-parle\/\" \/>\n<meta property=\"og:locale\" content=\"en_US\" \/>\n<meta property=\"og:type\" content=\"article\" \/>\n<meta property=\"og:title\" content=\"Infrastructures\u00a0: la population a parl\u00e9 - OIQ - Ordre des ing\u00e9nieurs du Qu\u00e9bec\" \/>\n<meta property=\"og:description\" content=\"Dans le contexte pr\u00e9\u00e9lectoral, l\u2019\u00e9tat des infrastructures publiques demeure un sujet important du d\u00e9bat public.\" \/>\n<meta property=\"og:url\" content=\"https:\/\/www.oiq.qc.ca\/en\/publication\/infrastructures-la-population-a-parle\/\" \/>\n<meta property=\"og:site_name\" content=\"OIQ - Ordre des ing\u00e9nieurs du Qu\u00e9bec\" \/>\n<meta property=\"og:image\" content=\"https:\/\/www.oiq.qc.ca\/wp-content\/uploads\/vignette-web.png\" \/>\n\t<meta property=\"og:image:width\" content=\"1200\" \/>\n\t<meta property=\"og:image:height\" content=\"675\" \/>\n\t<meta property=\"og:image:type\" content=\"image\/png\" \/>\n<meta name=\"twitter:card\" content=\"summary_large_image\" \/>\n<script type=\"application\/ld+json\" class=\"yoast-schema-graph\">{\"@context\":\"https:\\\/\\\/schema.org\",\"@graph\":[{\"@type\":\"WebPage\",\"@id\":\"https:\\\/\\\/www.oiq.qc.ca\\\/en\\\/publication\\\/infrastructures-la-population-a-parle\\\/\",\"url\":\"https:\\\/\\\/www.oiq.qc.ca\\\/en\\\/publication\\\/infrastructures-la-population-a-parle\\\/\",\"name\":\"Infrastructures\u00a0: la population a parl\u00e9 - OIQ - Ordre des ing\u00e9nieurs du Qu\u00e9bec\",\"isPartOf\":{\"@id\":\"https:\\\/\\\/www.oiq.qc.ca\\\/en\\\/#website\"},\"datePublished\":\"2026-09-01T09:30:00+00:00\",\"description\":\"Dans le contexte pr\u00e9\u00e9lectoral, l\u2019\u00e9tat des infrastructures publiques demeure un sujet important du d\u00e9bat public.\",\"breadcrumb\":{\"@id\":\"https:\\\/\\\/www.oiq.qc.ca\\\/en\\\/publication\\\/infrastructures-la-population-a-parle\\\/#breadcrumb\"},\"inLanguage\":\"en-CA\",\"potentialAction\":[{\"@type\":\"ReadAction\",\"target\":[\"https:\\\/\\\/www.oiq.qc.ca\\\/en\\\/publication\\\/infrastructures-la-population-a-parle\\\/\"]}]},{\"@type\":\"BreadcrumbList\",\"@id\":\"https:\\\/\\\/www.oiq.qc.ca\\\/en\\\/publication\\\/infrastructures-la-population-a-parle\\\/#breadcrumb\",\"itemListElement\":[{\"@type\":\"ListItem\",\"position\":1,\"name\":\"Home\",\"item\":\"https:\\\/\\\/www.oiq.qc.ca\\\/en\\\/\"},{\"@type\":\"ListItem\",\"position\":2,\"name\":\"Infrastructures\u00a0: la population a parl\u00e9\"}]},{\"@type\":\"WebSite\",\"@id\":\"https:\\\/\\\/www.oiq.qc.ca\\\/en\\\/#website\",\"url\":\"https:\\\/\\\/www.oiq.qc.ca\\\/en\\\/\",\"name\":\"OIQ - Ordre des ing\u00e9nieurs du Qu\u00e9bec\",\"description\":\"Ordre des ing\u00e9nieurs du Qu\u00e9bec\",\"publisher\":{\"@id\":\"https:\\\/\\\/www.oiq.qc.ca\\\/en\\\/#organization\"},\"potentialAction\":[{\"@type\":\"SearchAction\",\"target\":{\"@type\":\"EntryPoint\",\"urlTemplate\":\"https:\\\/\\\/www.oiq.qc.ca\\\/en\\\/?s={search_term_string}\"},\"query-input\":{\"@type\":\"PropertyValueSpecification\",\"valueRequired\":true,\"valueName\":\"search_term_string\"}}],\"inLanguage\":\"en-CA\"},{\"@type\":\"Organization\",\"@id\":\"https:\\\/\\\/www.oiq.qc.ca\\\/en\\\/#organization\",\"name\":\"OIQ - Ordre des Ing\u00e9nieurs du Qu\u00e9bec\",\"url\":\"https:\\\/\\\/www.oiq.qc.ca\\\/en\\\/\",\"logo\":{\"@type\":\"ImageObject\",\"inLanguage\":\"en-CA\",\"@id\":\"https:\\\/\\\/www.oiq.qc.ca\\\/en\\\/#\\\/schema\\\/logo\\\/image\\\/\",\"url\":\"https:\\\/\\\/www.oiq.qc.ca\\\/wp-content\\\/uploads\\\/logo-oiq-696x696-yoast.png\",\"contentUrl\":\"https:\\\/\\\/www.oiq.qc.ca\\\/wp-content\\\/uploads\\\/logo-oiq-696x696-yoast.png\",\"width\":696,\"height\":696,\"caption\":\"OIQ - Ordre des Ing\u00e9nieurs du Qu\u00e9bec\"},\"image\":{\"@id\":\"https:\\\/\\\/www.oiq.qc.ca\\\/en\\\/#\\\/schema\\\/logo\\\/image\\\/\"}}]}<\/script>\n<!-- \/ Yoast SEO plugin. -->","yoast_head_json":{"title":"Infrastructures\u00a0: la population a parl\u00e9 - OIQ - Ordre des ing\u00e9nieurs du Qu\u00e9bec (French only)","description":"Dans le contexte pr\u00e9\u00e9lectoral, l\u2019\u00e9tat des infrastructures publiques demeure un sujet important du d\u00e9bat public.","robots":{"index":"index","follow":"follow","max-snippet":"max-snippet:-1","max-image-preview":"max-image-preview:large","max-video-preview":"max-video-preview:-1"},"canonical":"https:\/\/www.oiq.qc.ca\/en\/publication\/infrastructures-la-population-a-parle\/","og_locale":"en_US","og_type":"article","og_title":"Infrastructures\u00a0: la population a parl\u00e9 - OIQ - Ordre des ing\u00e9nieurs du Qu\u00e9bec","og_description":"Dans le contexte pr\u00e9\u00e9lectoral, l\u2019\u00e9tat des infrastructures publiques demeure un sujet important du d\u00e9bat public.","og_url":"https:\/\/www.oiq.qc.ca\/en\/publication\/infrastructures-la-population-a-parle\/","og_site_name":"OIQ - Ordre des ing\u00e9nieurs du Qu\u00e9bec","og_image":[{"width":1200,"height":675,"url":"https:\/\/www.oiq.qc.ca\/wp-content\/uploads\/vignette-web.png","type":"image\/png"}],"twitter_card":"summary_large_image","schema":{"@context":"https:\/\/schema.org","@graph":[{"@type":"WebPage","@id":"https:\/\/www.oiq.qc.ca\/en\/publication\/infrastructures-la-population-a-parle\/","url":"https:\/\/www.oiq.qc.ca\/en\/publication\/infrastructures-la-population-a-parle\/","name":"Infrastructures\u00a0: la population a parl\u00e9 - OIQ - Ordre des ing\u00e9nieurs du Qu\u00e9bec","isPartOf":{"@id":"https:\/\/www.oiq.qc.ca\/en\/#website"},"datePublished":"2026-09-01T09:30:00+00:00","description":"Dans le contexte pr\u00e9\u00e9lectoral, l\u2019\u00e9tat des infrastructures publiques demeure un sujet important du d\u00e9bat public.","breadcrumb":{"@id":"https:\/\/www.oiq.qc.ca\/en\/publication\/infrastructures-la-population-a-parle\/#breadcrumb"},"inLanguage":"en-CA","potentialAction":[{"@type":"ReadAction","target":["https:\/\/www.oiq.qc.ca\/en\/publication\/infrastructures-la-population-a-parle\/"]}]},{"@type":"BreadcrumbList","@id":"https:\/\/www.oiq.qc.ca\/en\/publication\/infrastructures-la-population-a-parle\/#breadcrumb","itemListElement":[{"@type":"ListItem","position":1,"name":"Home","item":"https:\/\/www.oiq.qc.ca\/en\/"},{"@type":"ListItem","position":2,"name":"Infrastructures\u00a0: la population a parl\u00e9"}]},{"@type":"WebSite","@id":"https:\/\/www.oiq.qc.ca\/en\/#website","url":"https:\/\/www.oiq.qc.ca\/en\/","name":"OIQ - Ordre des ing\u00e9nieurs du Qu\u00e9bec","description":"Ordre des ing\u00e9nieurs du Qu\u00e9bec","publisher":{"@id":"https:\/\/www.oiq.qc.ca\/en\/#organization"},"potentialAction":[{"@type":"SearchAction","target":{"@type":"EntryPoint","urlTemplate":"https:\/\/www.oiq.qc.ca\/en\/?s={search_term_string}"},"query-input":{"@type":"PropertyValueSpecification","valueRequired":true,"valueName":"search_term_string"}}],"inLanguage":"en-CA"},{"@type":"Organization","@id":"https:\/\/www.oiq.qc.ca\/en\/#organization","name":"OIQ - Ordre des Ing\u00e9nieurs du Qu\u00e9bec","url":"https:\/\/www.oiq.qc.ca\/en\/","logo":{"@type":"ImageObject","inLanguage":"en-CA","@id":"https:\/\/www.oiq.qc.ca\/en\/#\/schema\/logo\/image\/","url":"https:\/\/www.oiq.qc.ca\/wp-content\/uploads\/logo-oiq-696x696-yoast.png","contentUrl":"https:\/\/www.oiq.qc.ca\/wp-content\/uploads\/logo-oiq-696x696-yoast.png","width":696,"height":696,"caption":"OIQ - Ordre des Ing\u00e9nieurs du Qu\u00e9bec"},"image":{"@id":"https:\/\/www.oiq.qc.ca\/en\/#\/schema\/logo\/image\/"}}]}},"_links":{"self":[{"href":"https:\/\/www.oiq.qc.ca\/en\/wp-json\/wp\/v2\/publication\/57605","targetHints":{"allow":["GET"]}}],"collection":[{"href":"https:\/\/www.oiq.qc.ca\/en\/wp-json\/wp\/v2\/publication"}],"about":[{"href":"https:\/\/www.oiq.qc.ca\/en\/wp-json\/wp\/v2\/types\/publication"}],"version-history":[{"count":3,"href":"https:\/\/www.oiq.qc.ca\/en\/wp-json\/wp\/v2\/publication\/57605\/revisions"}],"predecessor-version":[{"id":57648,"href":"https:\/\/www.oiq.qc.ca\/en\/wp-json\/wp\/v2\/publication\/57605\/revisions\/57648"}],"wp:attachment":[{"href":"https:\/\/www.oiq.qc.ca\/en\/wp-json\/wp\/v2\/media?parent=57605"}],"wp:term":[{"taxonomy":"type_publication","embeddable":true,"href":"https:\/\/www.oiq.qc.ca\/en\/wp-json\/wp\/v2\/type_publication?post=57605"},{"taxonomy":"secteurs_activites","embeddable":true,"href":"https:\/\/www.oiq.qc.ca\/en\/wp-json\/wp\/v2\/secteurs_activites?post=57605"},{"taxonomy":"categorie_publication","embeddable":true,"href":"https:\/\/www.oiq.qc.ca\/en\/wp-json\/wp\/v2\/categorie_publication?post=57605"},{"taxonomy":"theme","embeddable":true,"href":"https:\/\/www.oiq.qc.ca\/en\/wp-json\/wp\/v2\/theme?post=57605"}],"curies":[{"name":"wp","href":"https:\/\/api.w.org\/{rel}","templated":true}]}}