{"id":53507,"date":"2026-04-27T14:00:25","date_gmt":"2026-04-27T18:00:25","guid":{"rendered":"https:\/\/www.oiq.qc.ca\/?post_type=publication&#038;p=53507"},"modified":"2026-04-27T14:00:49","modified_gmt":"2026-04-27T18:00:49","slug":"eric-peloquin-ing-les-barrages-ne-larretent-pas","status":"publish","type":"publication","link":"https:\/\/www.oiq.qc.ca\/en\/publication\/eric-peloquin-ing-les-barrages-ne-larretent-pas\/","title":{"rendered":"\u00c9ric P\u00e9loquin, ing\u00a0: les barrages ne l\u2019arr\u00eatent pas"},"content":{"rendered":"<div  class=\"block-wrapper \" data-block-name=\"Wysiwyg\">\n<div class=\"bloc-wysiwyg \">\n    <div class=\"container\">\n        <div class=\"wysiwyg \">\n\t<p>\u00ab Quand je suis arriv\u00e9 en 2007 \u00e0 Hydro-Qu\u00e9bec, j\u2019\u00e9tais comme un enfant dans un magasin de bonbons \u00bb, raconte avec enthousiasme \u00c9ric P\u00e9loquin, ing., chef de la S\u00e9curit\u00e9 des barrages \u00e0 Hydro-Qu\u00e9bec. Il faut dire qu\u2019avec plus d\u2019un si\u00e8cle de production hydro\u00e9lectrique, toute la documentation correspondante et 694 installations op\u00e9rationnelles, la soci\u00e9t\u00e9 d\u2019\u00c9tat ressemble au paradis pour ce passionn\u00e9 des barrages.<\/p>\n<p>En 2025, il \u00e9tait <a href=\"https:\/\/www.oiq.qc.ca\/publication\/finalistes-prix-excellence-2025\/\">finaliste du Grand Prix d\u2019excellence 2025<\/a> de l\u2019Ordre des ing\u00e9nieurs du Qu\u00e9bec. Cette nomination souligne l\u2019excellence de sa carri\u00e8re, notamment pour son travail dans la mise \u00e0 niveau, en trois ans seulement, d\u2019un plan d\u2019\u00e9valuation de la s\u00e9curit\u00e9 requise pour l\u2019ensemble du parc de barrages.<\/p>\n\n<\/div>    <\/div>\n<\/div>\n<\/div>\n\n\n<section  class=\"container contenu-flexible disposition-full block-wrapper \" style=\"margin-bottom: 40px;\">\n  <div class=\"wysiwyg\">\n        <div class=\"row\">\n      \n      <div class=\"col-12\">\n                              <div class=\"content-image\">\n              <figure class=\"acf-image-figure\">\n      <img decoding=\"async\" class=\"img-fluid\" src=\"https:\/\/www.oiq.qc.ca\/wp-content\/uploads\/printemps-2026-1920x1080-accomplir-barrages-2.jpg\" alt=\"\">\n      <figcaption class=\"acf-image-caption\">Vue a\u00e9rienne de la centrale de Beauharnois \nd\u2019Hydro-Qu\u00e9bec, cinqui\u00e8me en importance au \nQu\u00e9bec parmi les centrales de la soci\u00e9t\u00e9 d\u2019\u00c9tat.<\/figcaption>\n    <\/figure>\n              <\/div>\n                        <\/div>\n\n      \n          <\/div>\n  <\/div>\n<\/section>\n\n\n<div  class=\"block-wrapper \" data-block-name=\"Wysiwyg\">\n<div class=\"bloc-wysiwyg \">\n    <div class=\"container\">\n        <div class=\"wysiwyg \">\n\t<h2>Au fil de l\u2019eau<\/h2>\n<p>\u00c9ric P\u00e9loquin a tout pour \u00eatre l\u2019homme de la situation, lui qui cultive sa connaissance approfondie du sujet depuis le d\u00e9but de ses \u00e9tudes. N\u00e9 en 1967 \u00e0 Sorel, il d\u00e9veloppe tr\u00e8s t\u00f4t un go\u00fbt pour le plein air, notamment gr\u00e2ce \u00e0 un p\u00e8re amateur de chasse et de p\u00eache. \u00ab J\u2019ai d\u2019abord voulu \u00eatre agent de conservation. De l\u00e0 vient mon go\u00fbt pour le travail sur le terrain \u00bb, explique-t-il.<\/p>\n<p>\u00c0 l\u2019universit\u00e9, qu\u2019il int\u00e8gre en 1986, il h\u00e9site entre deux programmes, le g\u00e9nie forestier et le g\u00e9nie g\u00e9ologique, tous deux susceptibles de l\u2019emmener jouer dehors le plus souvent. Mais apr\u00e8s les cours du tronc commun de Polytechnique Montr\u00e9al, il opte finalement pour le g\u00e9nie civil, susceptible de lui ouvrir plus de portes, consid\u00e8re-t-il. C\u2019est en 1988, pendant une visite avec son association \u00e9tudiante du complexe La Grande-2, que le gigantisme et la majest\u00e9 du site font na\u00eetre sa vocation. \u00ab Je me suis dit : Wow ! voil\u00e0 ce que je veux faire ! Et puis, j\u2019avais d\u00e9j\u00e0 un go\u00fbt prononc\u00e9 pour l\u2019hydraulique \u00bb, explique-t-il.<\/p>\n<p>Apr\u00e8s une ma\u00eetrise en g\u00e9otechnique de 1990 \u00e0 1993, il arrive sur le march\u00e9 du travail en plein creux du cycle de l\u2019emploi en ing\u00e9nierie. Son premier poste chez NCL Envirotek, le bureau d\u2019\u00e9tudes d\u2019un ing\u00e9nieur chevronn\u00e9, lui permet de travailler par la bande sur les barrages, plus pr\u00e9cis\u00e9ment \u00e0 la conception de digues de r\u00e9sidus miniers. En 1995, il passe chez Tecsult, o\u00f9 il multiplie les campagnes d\u2019investigation sur site et les \u00e9chantillonnages de sol. Son exp\u00e9rience pr\u00e9c\u00e9dente et sa formation en g\u00e9otechnique sont mises \u00e0 profit dans la construction de barrages en remblai.<\/p>\n<p>Puis, en 1996, c\u2019est une catastrophe naturelle qui vient changer la donne : le d\u00e9luge du Saguenay met la s\u00e9curit\u00e9 des barrages sur le devant de la sc\u00e8ne : presque imm\u00e9diatement, on cr\u00e9e la commission Nicolet, qui donnera lieu, en 2002, \u00e0 la Loi sur la s\u00e9curit\u00e9 des barrages. \u00ab C\u2019est \u00e0 ce moment-l\u00e0 que les mandats d\u2019inspection affluent. Je travaillais donc essentiellement sur des installations existantes \u00bb, raconte-t-il. En parall\u00e8le, il travaille d\u00e8s 1998 \u00e0 la conception de la digue et du d\u00e9versoir de la Chute-Garneau, son premier projet hydro\u00e9lectrique majeur.<\/p>\n<p>En 2002, il franchit un nouveau cap : le gouvernement et Hydro-Qu\u00e9bec annoncent la construction de deux ouvrages colossaux, les centrales de l\u2019Eastmain-1 et de P\u00e9ribonka. \u00c9ric P\u00e9loquin part alors chez SNC-Lavalin, qui vient de d\u00e9crocher les deux projets. Il entre au c\u0153ur de l\u2019action en \u0153uvrant \u00e0 la conception d\u2019une digue, celle de l\u2019Eastmain-1, mise en eau en 2005 : \u00ab \u00c0 ce moment pr\u00e9cis, mon r\u00eave de 1988 \u00e0 la Grande-2 devient r\u00e9alit\u00e9 \u00bb, se souvient-il avec \u00e9motion.<\/p>\n\n<\/div>    <\/div>\n<\/div>\n<\/div>\n\n\n<div  class=\"block-wrapper \" data-block-name=\"Quote\">\n<div class=\"quote\">\n    <div class=\"container\">\n        <div class=\"row\">\n                        <div class=\"quote-content\">\n                Depuis 2020, le volume de travail autour de la s\u00e9curit\u00e9 des barrages avait beaucoup augment\u00e9 en raison de la complexit\u00e9 de nombreux dossiers, raconte-t-il. Il a d\u2019abord fallu convaincre la haute direction, lui faire valoir le plan d\u2019action pour qu\u2019elle ouvre les vannes et qu\u2019on obtienne les ressources n\u00e9cessaires. \n            <\/div>\n                        <span class=\"quote-author\">\u00c9ric P\u00e9loquin, ing., chef de la s\u00e9curit\u00e9 des barrages \u00e0 hydro-qu\u00e9bec<\/span>\n                                <\/div>\n    <\/div>\n<\/div>\n<\/div>\n\n\n<section  class=\"container contenu-flexible disposition-full block-wrapper \" style=\"margin-bottom: 40px;\">\n  <div class=\"wysiwyg\">\n        <div class=\"row\">\n      \n      <div class=\"col-12\">\n                              <div class=\"content-image\">\n              <figure class=\"acf-image-figure\">\n      <img decoding=\"async\" class=\"img-fluid\" src=\"https:\/\/www.oiq.qc.ca\/wp-content\/uploads\/printemps-2026-1920x1080-accomplir-barrages-1.jpg\" alt=\"\">\n      <figcaption class=\"acf-image-caption\">Vue du barrage des quinze. Pour garantir des barrages viables et durables, la surveillance et l\u2019entretien de ces infrastructures sont indispensables.<\/figcaption>\n    <\/figure>\n              <\/div>\n                        <\/div>\n\n      \n          <\/div>\n  <\/div>\n<\/section>\n\n\n<div  class=\"block-wrapper \" data-block-name=\"Wysiwyg\">\n<div class=\"bloc-wysiwyg \">\n    <div class=\"container\">\n        <div class=\"wysiwyg \">\n\t<h2>Objectif s\u00e9curit\u00e9<\/h2>\n<p>En 2006, l\u2019aventure de la consultation, ses nombreux voyages et ses s\u00e9jours sur le terrain devenant difficiles avec deux filles en bas \u00e2ge, \u00c9ric P\u00e9loquin cherche un emploi plus s\u00e9dentaire. Sa cheffe actuelle chez Hydro-Qu\u00e9bec, qui chapeautait \u00e0 l\u2019\u00e9poque les consultants dont il faisait partie, le recrute \u00e0 la soci\u00e9t\u00e9 d\u2019\u00c9tat, qu\u2019il int\u00e8gre en 2007. Pendant 10 ans, il travaille \u00e0 la validation de projets, sur de nouveaux am\u00e9nagements comme sur des chantiers de r\u00e9fection. Ce sont l\u00e0 des missions id\u00e9ales pour lui permettre de peaufiner son expertise sur les barrages, de la g\u00e9ologie du site jusqu\u2019\u00e0 la centrale hydro\u00e9lectrique.<\/p>\n<p>En 2017, quand le chef des \u00e9tudes et de la s\u00e9curit\u00e9 des barrages part \u00e0 la retraite, \u00c9ric P\u00e9loquin prend naturellement le relais. Il est d\u00e9sormais en place pour la r\u00e9alisation de son grand \u0153uvre. Il s\u2019att\u00e8le \u00e0 la mise \u00e0 niveau des \u00e9tudes d\u2019\u00e9valuation de la s\u00e9curit\u00e9 d\u2019une moiti\u00e9 des quelque 700 barrages exploit\u00e9s par Hydro-Qu\u00e9bec partout sur l\u2019immense territoire de la province, en seulement trois ans, entre 2021 et 2024. \u00ab Depuis 2020, le volume de travail autour de la s\u00e9curit\u00e9 des barrages avait beaucoup augment\u00e9 en raison de la complexit\u00e9 de nombreux dossiers, raconte-t-il. Il a d\u2019abord fallu convaincre la haute direction, lui faire valoir le plan d\u2019action pour qu\u2019elle ouvre les vannes et qu\u2019on obtienne les ressources n\u00e9cessaires. \u00bb<\/p>\n<p>Mais ce n\u2019\u00e9tait l\u00e0 qu\u2019un premier jalon, car la feuille de route exigeait un quasi-double d\u2019effectifs, avec tous les d\u00e9fis humains qu\u2019entra\u00eene une telle croissance. \u00ab Nous avons d\u00fb r\u00e9pondre \u00e0 d\u2019importants besoins en formation du personnel, recruter et organiser beaucoup de sous-traitance, puis cr\u00e9er un \u00e9quilibre entre les personnes-ressources d\u2019exp\u00e9rience et nouvelles\u2026 le tout en continuant de tenir nos engagements \u00bb, d\u00e9taille-t-il.<\/p>\n<p>Trois ans plus tard, ce d\u00e9fi organisationnel est relev\u00e9 haut la main. Mais au-del\u00e0 de ses comp\u00e9tences de planificateur et de gestionnaire, ce sont les qualit\u00e9s humaines et la g\u00e9n\u00e9rosit\u00e9 d\u2019\u00c9ric P\u00e9loquin que ses collaborateurs tiennent \u00e0 souligner : gr\u00e2ce au mentorat ou par son engagement dans l\u2019Association canadienne des barrages, il partage largement et donne beaucoup au suivant. \u00ab Mon parcours m\u2019a montr\u00e9 l\u2019importance du parrainage et de la participation collective. Dans mon premier bureau d\u2019\u00e9tudes, il n\u2019y avait ni chefs ni employ\u00e9s au moment de v\u00e9rifier le travail. Nous pratiquions la validation mutuelle ; la parole de l\u2019un avait autant de valeur que celle de l\u2019autre. Pour notre plan de s\u00e9curit\u00e9, j\u2019ai donc bris\u00e9 les silos, qu\u2019ils soient horizontaux ou verticaux, et favoris\u00e9 le travail en groupe \u00bb, d\u00e9crit-il.<\/p>\n<p>Cette strat\u00e9gie lui a valu, d\u00e9but 2025, sa promotion chez Hydro-Qu\u00e9bec. Avec \u00c9ric P\u00e9loquin, les barrages retiennent l\u2019eau, pas le progr\u00e8s.<\/p>\n\n<\/div>    <\/div>\n<\/div>\n<\/div>\n","protected":false},"excerpt":{"rendered":"","protected":false},"featured_media":0,"template":"","meta":{"_acf_changed":false,"_relevanssi_hide_post":"","_relevanssi_hide_content":"","_relevanssi_pin_for_all":"","_relevanssi_pin_keywords":"barrages, Hydro Qu\u00e9bec, s\u00e9curit\u00e9 des barrages, g\u00e9nie civil, hydro\u00e9lectricit\u00e9 ","_relevanssi_unpin_keywords":"","_relevanssi_related_keywords":"","_relevanssi_related_include_ids":"","_relevanssi_related_exclude_ids":"","_relevanssi_related_no_append":"","_relevanssi_related_not_related":"","_relevanssi_related_posts":"","_relevanssi_noindex_reason":"","inline_featured_image":false,"footnotes":""},"type_publication":[260],"secteurs_activites":[264],"categorie_publication":[276],"theme":[],"class_list":["post-53507","publication","type-publication","status-publish","hentry","type_publication-profession-et-evenements","secteurs_activites-energie","categorie_publication-parcours-et-projets-inspirants"],"acf":[],"yoast_head":"<!-- This site is optimized with the Yoast SEO plugin v26.6 - https:\/\/yoast.com\/wordpress\/plugins\/seo\/ -->\n<title>\u00c9ric P\u00e9loquin, ing\u00a0: les barrages ne l\u2019arr\u00eatent pas - OIQ - Ordre des ing\u00e9nieurs du Qu\u00e9bec (French only)<\/title>\n<meta name=\"description\" content=\"Portrait d\u2019\u00c9ric P\u00e9loquin, ing., chef de la s\u00e9curit\u00e9 des barrages \u00e0 Hydro Qu\u00e9bec: un parcours inspirant au service d\u2019ouvrages s\u00fbrs et durables\" \/>\n<meta name=\"robots\" content=\"index, follow, max-snippet:-1, max-image-preview:large, max-video-preview:-1\" \/>\n<link rel=\"canonical\" href=\"https:\/\/www.oiq.qc.ca\/publication\/eric-peloquin-ing-les-barrages-ne-larretent-pas\/\" \/>\n<meta property=\"og:locale\" content=\"en_US\" \/>\n<meta property=\"og:type\" content=\"article\" \/>\n<meta property=\"og:title\" content=\"\u00c9ric P\u00e9loquin, ing\u00a0: les barrages ne l\u2019arr\u00eatent pas - OIQ - Ordre des ing\u00e9nieurs du Qu\u00e9bec\" \/>\n<meta property=\"og:description\" content=\"Portrait d\u2019\u00c9ric P\u00e9loquin, ing., chef de la s\u00e9curit\u00e9 des barrages \u00e0 Hydro Qu\u00e9bec: un parcours inspirant au service d\u2019ouvrages s\u00fbrs et durables\" \/>\n<meta property=\"og:url\" content=\"https:\/\/www.oiq.qc.ca\/publication\/eric-peloquin-ing-les-barrages-ne-larretent-pas\/\" \/>\n<meta property=\"og:site_name\" content=\"OIQ - Ordre des ing\u00e9nieurs du Qu\u00e9bec\" \/>\n<meta property=\"article:modified_time\" content=\"2026-04-27T18:00:49+00:00\" \/>\n<meta property=\"og:image\" content=\"https:\/\/www.oiq.qc.ca\/wp-content\/uploads\/eric-peloquin-ing-barrage-1.jpg\" \/>\n\t<meta property=\"og:image:width\" content=\"1920\" \/>\n\t<meta property=\"og:image:height\" content=\"1080\" \/>\n\t<meta property=\"og:image:type\" content=\"image\/jpeg\" \/>\n<meta name=\"twitter:card\" content=\"summary_large_image\" \/>\n<meta name=\"twitter:image\" content=\"https:\/\/www.oiq.qc.ca\/wp-content\/uploads\/eric-peloquin-ing-barrage-1.jpg\" \/>\n<meta name=\"twitter:label1\" content=\"Est. reading time\" \/>\n\t<meta name=\"twitter:data1\" content=\"7 minutes\" \/>\n<script type=\"application\/ld+json\" class=\"yoast-schema-graph\">{\"@context\":\"https:\/\/schema.org\",\"@graph\":[{\"@type\":\"WebPage\",\"@id\":\"https:\/\/www.oiq.qc.ca\/publication\/eric-peloquin-ing-les-barrages-ne-larretent-pas\/\",\"url\":\"https:\/\/www.oiq.qc.ca\/publication\/eric-peloquin-ing-les-barrages-ne-larretent-pas\/\",\"name\":\"\u00c9ric P\u00e9loquin, ing\u00a0: les barrages ne l\u2019arr\u00eatent pas - OIQ - Ordre des ing\u00e9nieurs du Qu\u00e9bec\",\"isPartOf\":{\"@id\":\"https:\/\/www.oiq.qc.ca\/#website\"},\"datePublished\":\"2026-04-27T18:00:25+00:00\",\"dateModified\":\"2026-04-27T18:00:49+00:00\",\"description\":\"Portrait d\u2019\u00c9ric P\u00e9loquin, ing., chef de la s\u00e9curit\u00e9 des barrages \u00e0 Hydro Qu\u00e9bec: un parcours inspirant au service d\u2019ouvrages s\u00fbrs et durables\",\"breadcrumb\":{\"@id\":\"https:\/\/www.oiq.qc.ca\/publication\/eric-peloquin-ing-les-barrages-ne-larretent-pas\/#breadcrumb\"},\"inLanguage\":\"en-CA\",\"potentialAction\":[{\"@type\":\"ReadAction\",\"target\":[\"https:\/\/www.oiq.qc.ca\/publication\/eric-peloquin-ing-les-barrages-ne-larretent-pas\/\"]}]},{\"@type\":\"BreadcrumbList\",\"@id\":\"https:\/\/www.oiq.qc.ca\/publication\/eric-peloquin-ing-les-barrages-ne-larretent-pas\/#breadcrumb\",\"itemListElement\":[{\"@type\":\"ListItem\",\"position\":1,\"name\":\"Home\",\"item\":\"https:\/\/www.oiq.qc.ca\/en\/\"},{\"@type\":\"ListItem\",\"position\":2,\"name\":\"\u00c9ric P\u00e9loquin, ing\u00a0: les barrages ne l\u2019arr\u00eatent pas\"}]},{\"@type\":\"WebSite\",\"@id\":\"https:\/\/www.oiq.qc.ca\/#website\",\"url\":\"https:\/\/www.oiq.qc.ca\/\",\"name\":\"OIQ - Ordre des ing\u00e9nieurs du Qu\u00e9bec\",\"description\":\"Ordre des ing\u00e9nieurs du Qu\u00e9bec\",\"publisher\":{\"@id\":\"https:\/\/www.oiq.qc.ca\/#organization\"},\"potentialAction\":[{\"@type\":\"SearchAction\",\"target\":{\"@type\":\"EntryPoint\",\"urlTemplate\":\"https:\/\/www.oiq.qc.ca\/?s={search_term_string}\"},\"query-input\":{\"@type\":\"PropertyValueSpecification\",\"valueRequired\":true,\"valueName\":\"search_term_string\"}}],\"inLanguage\":\"en-CA\"},{\"@type\":\"Organization\",\"@id\":\"https:\/\/www.oiq.qc.ca\/#organization\",\"name\":\"OIQ - Ordre des Ing\u00e9nieurs du Qu\u00e9bec\",\"url\":\"https:\/\/www.oiq.qc.ca\/\",\"logo\":{\"@type\":\"ImageObject\",\"inLanguage\":\"en-CA\",\"@id\":\"https:\/\/www.oiq.qc.ca\/#\/schema\/logo\/image\/\",\"url\":\"https:\/\/www.oiq.qc.ca\/wp-content\/uploads\/logo-oiq-696x696-yoast.png\",\"contentUrl\":\"https:\/\/www.oiq.qc.ca\/wp-content\/uploads\/logo-oiq-696x696-yoast.png\",\"width\":696,\"height\":696,\"caption\":\"OIQ - Ordre des Ing\u00e9nieurs du Qu\u00e9bec\"},\"image\":{\"@id\":\"https:\/\/www.oiq.qc.ca\/#\/schema\/logo\/image\/\"}}]}<\/script>\n<!-- \/ Yoast SEO plugin. -->","yoast_head_json":{"title":"\u00c9ric P\u00e9loquin, ing\u00a0: les barrages ne l\u2019arr\u00eatent pas - OIQ - Ordre des ing\u00e9nieurs du Qu\u00e9bec (French only)","description":"Portrait d\u2019\u00c9ric P\u00e9loquin, ing., chef de la s\u00e9curit\u00e9 des barrages \u00e0 Hydro Qu\u00e9bec: un parcours inspirant au service d\u2019ouvrages s\u00fbrs et durables","robots":{"index":"index","follow":"follow","max-snippet":"max-snippet:-1","max-image-preview":"max-image-preview:large","max-video-preview":"max-video-preview:-1"},"canonical":"https:\/\/www.oiq.qc.ca\/publication\/eric-peloquin-ing-les-barrages-ne-larretent-pas\/","og_locale":"en_US","og_type":"article","og_title":"\u00c9ric P\u00e9loquin, ing\u00a0: les barrages ne l\u2019arr\u00eatent pas - OIQ - Ordre des ing\u00e9nieurs du Qu\u00e9bec","og_description":"Portrait d\u2019\u00c9ric P\u00e9loquin, ing., chef de la s\u00e9curit\u00e9 des barrages \u00e0 Hydro Qu\u00e9bec: un parcours inspirant au service d\u2019ouvrages s\u00fbrs et durables","og_url":"https:\/\/www.oiq.qc.ca\/publication\/eric-peloquin-ing-les-barrages-ne-larretent-pas\/","og_site_name":"OIQ - Ordre des ing\u00e9nieurs du Qu\u00e9bec","article_modified_time":"2026-04-27T18:00:49+00:00","og_image":[{"width":1920,"height":1080,"url":"https:\/\/www.oiq.qc.ca\/wp-content\/uploads\/eric-peloquin-ing-barrage-1.jpg","type":"image\/jpeg"}],"twitter_card":"summary_large_image","twitter_image":"https:\/\/www.oiq.qc.ca\/wp-content\/uploads\/eric-peloquin-ing-barrage-1.jpg","twitter_misc":{"Est. reading time":"7 minutes"},"schema":{"@context":"https:\/\/schema.org","@graph":[{"@type":"WebPage","@id":"https:\/\/www.oiq.qc.ca\/publication\/eric-peloquin-ing-les-barrages-ne-larretent-pas\/","url":"https:\/\/www.oiq.qc.ca\/publication\/eric-peloquin-ing-les-barrages-ne-larretent-pas\/","name":"\u00c9ric P\u00e9loquin, ing\u00a0: les barrages ne l\u2019arr\u00eatent pas - OIQ - Ordre des ing\u00e9nieurs du Qu\u00e9bec","isPartOf":{"@id":"https:\/\/www.oiq.qc.ca\/#website"},"datePublished":"2026-04-27T18:00:25+00:00","dateModified":"2026-04-27T18:00:49+00:00","description":"Portrait d\u2019\u00c9ric P\u00e9loquin, ing., chef de la s\u00e9curit\u00e9 des barrages \u00e0 Hydro Qu\u00e9bec: un parcours inspirant au service d\u2019ouvrages s\u00fbrs et durables","breadcrumb":{"@id":"https:\/\/www.oiq.qc.ca\/publication\/eric-peloquin-ing-les-barrages-ne-larretent-pas\/#breadcrumb"},"inLanguage":"en-CA","potentialAction":[{"@type":"ReadAction","target":["https:\/\/www.oiq.qc.ca\/publication\/eric-peloquin-ing-les-barrages-ne-larretent-pas\/"]}]},{"@type":"BreadcrumbList","@id":"https:\/\/www.oiq.qc.ca\/publication\/eric-peloquin-ing-les-barrages-ne-larretent-pas\/#breadcrumb","itemListElement":[{"@type":"ListItem","position":1,"name":"Home","item":"https:\/\/www.oiq.qc.ca\/en\/"},{"@type":"ListItem","position":2,"name":"\u00c9ric P\u00e9loquin, ing\u00a0: les barrages ne l\u2019arr\u00eatent pas"}]},{"@type":"WebSite","@id":"https:\/\/www.oiq.qc.ca\/#website","url":"https:\/\/www.oiq.qc.ca\/","name":"OIQ - Ordre des ing\u00e9nieurs du Qu\u00e9bec","description":"Ordre des ing\u00e9nieurs du Qu\u00e9bec","publisher":{"@id":"https:\/\/www.oiq.qc.ca\/#organization"},"potentialAction":[{"@type":"SearchAction","target":{"@type":"EntryPoint","urlTemplate":"https:\/\/www.oiq.qc.ca\/?s={search_term_string}"},"query-input":{"@type":"PropertyValueSpecification","valueRequired":true,"valueName":"search_term_string"}}],"inLanguage":"en-CA"},{"@type":"Organization","@id":"https:\/\/www.oiq.qc.ca\/#organization","name":"OIQ - Ordre des Ing\u00e9nieurs du Qu\u00e9bec","url":"https:\/\/www.oiq.qc.ca\/","logo":{"@type":"ImageObject","inLanguage":"en-CA","@id":"https:\/\/www.oiq.qc.ca\/#\/schema\/logo\/image\/","url":"https:\/\/www.oiq.qc.ca\/wp-content\/uploads\/logo-oiq-696x696-yoast.png","contentUrl":"https:\/\/www.oiq.qc.ca\/wp-content\/uploads\/logo-oiq-696x696-yoast.png","width":696,"height":696,"caption":"OIQ - Ordre des Ing\u00e9nieurs du Qu\u00e9bec"},"image":{"@id":"https:\/\/www.oiq.qc.ca\/#\/schema\/logo\/image\/"}}]}},"_links":{"self":[{"href":"https:\/\/www.oiq.qc.ca\/en\/wp-json\/wp\/v2\/publication\/53507","targetHints":{"allow":["GET"]}}],"collection":[{"href":"https:\/\/www.oiq.qc.ca\/en\/wp-json\/wp\/v2\/publication"}],"about":[{"href":"https:\/\/www.oiq.qc.ca\/en\/wp-json\/wp\/v2\/types\/publication"}],"version-history":[{"count":3,"href":"https:\/\/www.oiq.qc.ca\/en\/wp-json\/wp\/v2\/publication\/53507\/revisions"}],"predecessor-version":[{"id":53530,"href":"https:\/\/www.oiq.qc.ca\/en\/wp-json\/wp\/v2\/publication\/53507\/revisions\/53530"}],"wp:attachment":[{"href":"https:\/\/www.oiq.qc.ca\/en\/wp-json\/wp\/v2\/media?parent=53507"}],"wp:term":[{"taxonomy":"type_publication","embeddable":true,"href":"https:\/\/www.oiq.qc.ca\/en\/wp-json\/wp\/v2\/type_publication?post=53507"},{"taxonomy":"secteurs_activites","embeddable":true,"href":"https:\/\/www.oiq.qc.ca\/en\/wp-json\/wp\/v2\/secteurs_activites?post=53507"},{"taxonomy":"categorie_publication","embeddable":true,"href":"https:\/\/www.oiq.qc.ca\/en\/wp-json\/wp\/v2\/categorie_publication?post=53507"},{"taxonomy":"theme","embeddable":true,"href":"https:\/\/www.oiq.qc.ca\/en\/wp-json\/wp\/v2\/theme?post=53507"}],"curies":[{"name":"wp","href":"https:\/\/api.w.org\/{rel}","templated":true}]}}