{"id":52639,"date":"2026-04-17T13:03:36","date_gmt":"2026-04-17T17:03:36","guid":{"rendered":"https:\/\/www.oiq.qc.ca\/?post_type=publication&#038;p=52639"},"modified":"2026-04-17T13:18:03","modified_gmt":"2026-04-17T17:18:03","slug":"barometre-action-climatique-idealiste-en-manque-d-outils","status":"publish","type":"publication","link":"https:\/\/www.oiq.qc.ca\/en\/publication\/barometre-action-climatique-idealiste-en-manque-d-outils\/","title":{"rendered":"L\u2019engagement en qu\u00eate de rep\u00e8res"},"content":{"rendered":"<div  class=\"block-wrapper \" data-block-name=\"Wysiwyg\">\n<div class=\"bloc-wysiwyg \">\n    <div class=\"container\">\n        <div class=\"wysiwyg \">\n\t<p>Si cette situation vous ressemble, vous faites partie des 17\u00a0% des membres de l\u2019Ordre et CPI qui incarnent le profil \u00ab\u00a0id\u00e9aliste en manque d\u2019outils\u00a0\u00bb du Barom\u00e8tre de l\u2019action climatique. Ce profil regroupe principalement des professionnelles et professionnels en d\u00e9but ou en milieu de carri\u00e8re, souvent tr\u00e8s motiv\u00e9s, mais manquant de moyens, de connaissances ou d\u2019encadrement pour traduire leurs intentions en actions concr\u00e8tes.<\/p>\n\n<\/div>    <\/div>\n<\/div>\n<\/div>\n\n\n<div  class=\"block-wrapper \" data-block-name=\"Quote\">\n<div class=\"quote\">\n    <div class=\"container\">\n        <div class=\"row\">\n                        <div class=\"quote-content\">\n                Mon engagement dans la lutte contre les changements climatiques est surtout pr\u00e9sent dans ma vie personnelle, mais je voudrais aussi faire ma part sur le plan professionnel. J\u2019ai toutefois une connaissance limit\u00e9e de l\u2019impact environnemental des produits utilis\u00e9s.\u00a0\n            <\/div>\n                                <\/div>\n    <\/div>\n<\/div>\n<\/div>\n\n\n<div  class=\"block-wrapper \" data-block-name=\"Text + Media Altern\u00e9s\">\n<div class=\"text-media layout-50-50 highlight-gris\">\n    <div class=\"container\">\n        <div class=\"tm-left\">\n                                                    <div class=\"wysiwyg \">\n\t<p>Nous avons men\u00e9 une \u00e9tude visant \u00e0 \u00e9tablir jusqu\u2019\u00e0 quel point les membres d\u2019aujourd\u2019hui et de demain souhaitent prendre part \u00e0 des mesures d\u2019att\u00e9nuation et d\u2019adaptation li\u00e9es aux changements climatiques.<\/p>\n<p>&nbsp;<\/p>\n<p>Le Barom\u00e8tre offre un portrait pr\u00e9cis de l\u2019engagement de la profession devant les d\u00e9fis climatiques, permettant \u00e0 chacune et \u00e0 chacun de se situer et de mieux comprendre les d\u00e9fis et les leviers d\u2019action.<\/p>\n\n<\/div>                                        <a href=\"https:\/\/www.oiq.qc.ca\/dossiers-strategiques\/developpement-durable\/\" target=\"\" class=\"btn-arrow is-blue bordered\">\n                                <span class=\"label\">CONSULTER LE RAPPORT<\/span>\n                        \n        <span class=\"icon reset-font\"><svg xmlns=\"http:\/\/www.w3.org\/2000\/svg\" width=\"10.582\" height=\"18.826\" viewBox=\"0 0 10.582 18.826\">\n\t<g id=\"Groupe_9\" data-name=\"Groupe 9\" transform=\"translate(-8.831 1.414)\">\n\t\t<g id=\"Groupe_8\" data-name=\"Groupe 8\">\n\t\t\t<path id=\"Line\" d=\"M0,0,7.755,8.235\" transform=\"translate(10.244)\" fill=\"currentColor\" stroke=\"currentColor\"\n\t\t\t      stroke-linecap=\"round\" stroke-miterlimit=\"10\" stroke-width=\"2\" class=\"fill\"\/>\n\t\t\t<path id=\"Line-2\" data-name=\"Line\" d=\"M0,8.235,7.755,0\" transform=\"translate(10.244 7.764)\"\n\t\t\t      fill=\"currentColor\" stroke=\"currentColor\" stroke-linecap=\"round\" stroke-miterlimit=\"10\" stroke-width=\"2\" class=\"fill\"\/>\n\t\t<\/g>\n\t<\/g>\n<\/svg>\n<\/span>\n    <\/a>\n                    <\/div>\n        <div class=\"tm-right\">\n                                            <img decoding=\"async\" class=\"tm-image no-shadow\" src=\"https:\/\/www.oiq.qc.ca\/wp-content\/uploads\/dcom-barometre-infolettre-600x600-1.jpg\" alt=\"\">\n                                      <\/div>\n    <\/div>\n  <\/div>\n\n<\/div>\n\n\n\n<div class=\"wp-block-group is-layout-constrained wp-block-group-is-layout-constrained\">\n<div class=\"wp-block-columns is-layout-flex wp-container-core-columns-is-layout-9d6595d7 wp-block-columns-is-layout-flex\">\n<div class=\"wp-block-column is-layout-flow wp-block-column-is-layout-flow\" style=\"flex-basis:100%\"><div  class=\"block-wrapper \" data-block-name=\"Wysiwyg\">\n<div class=\"bloc-wysiwyg \">\n    <div class=\"container\">\n        <div class=\"wysiwyg \">\n\t<h2>LES FACTEURS QUI VOUS D\u00c9FINISSENT<\/h2>\n<h3>VOTRE MOTEUR\u00a0: DONNER DU SENS \u00c0 VOTRE PRATIQUE<\/h3>\n<p>Vous avez des valeurs fortes et le d\u00e9sir de contribuer positivement \u00e0 la soci\u00e9t\u00e9. Vous souhaitez que votre pratique professionnelle refl\u00e8te vos convictions environnementales et sociales. Il vous arrive de remettre en question un choix \u00ab\u00a0standard\u00a0\u00bb en r\u00e9union, parce que vous cherchez une option plus coh\u00e9rente avec vos valeurs, m\u00eame si ce n\u2019est pas la plus simple \u00e0 d\u00e9fendre.<\/p>\n<p><img loading=\"lazy\" decoding=\"async\" class=\"aligncenter wp-image-52643 size-full\" src=\"https:\/\/www.oiq.qc.ca\/wp-content\/uploads\/indicateurs-idealiste.png\" alt=\"\" width=\"1920\" height=\"1080\" srcset=\"https:\/\/www.oiq.qc.ca\/wp-content\/uploads\/indicateurs-idealiste.png 1920w, https:\/\/www.oiq.qc.ca\/wp-content\/uploads\/indicateurs-idealiste-300x169.png 300w, https:\/\/www.oiq.qc.ca\/wp-content\/uploads\/indicateurs-idealiste-1024x576.png 1024w, https:\/\/www.oiq.qc.ca\/wp-content\/uploads\/indicateurs-idealiste-768x432.png 768w, https:\/\/www.oiq.qc.ca\/wp-content\/uploads\/indicateurs-idealiste-1536x864.png 1536w\" sizes=\"(max-width: 1920px) 100vw, 1920px\" \/><\/p>\n<h3>VOS D\u00c9FIS\u00a0: MANQUER DE REP\u00c8RES CONCRETS<\/h3>\n<p>Malgr\u00e9 votre motivation, le manque de connaissances, d\u2019outils pratiques ou de soutien freine votre capacit\u00e9 \u00e0 agir. Vous cherchez des rep\u00e8res clairs pour comprendre les enjeux, structurer votre d\u00e9marche et \u00e9viter d\u2019avoir l\u2019impression que la situation vous d\u00e9passe. Certains jours, vous passez d\u2019un article \u00e0 l\u2019autre en cherchant \u00ab\u00a0par o\u00f9 commencer\u00a0\u00bb, puis vous refermez vos onglets avec l\u2019impression de tourner en rond.<\/p>\n<h3>VOTRE APPROCHE\u00a0: APPRENDRE POUR AGIR<\/h3>\n<p>Vous souhaitez apprendre, vous former et d\u00e9velopper vos comp\u00e9tences. Vous privil\u00e9giez des contenus accessibles, p\u00e9dagogiques et applicables \u00e0 votre r\u00e9alit\u00e9 professionnelle. Quand une ressource reste trop th\u00e9orique, vous d\u00e9crochez vite\u00a0: ce qui vous aide vraiment, c\u2019est une piste simple \u00e0 tester d\u00e8s votre prochain mandat.<\/p>\n<h3>VOTRE VISION\u00a0: PASSER DE L\u2019INTENTION \u00c0 L\u2019ACTION<\/h3>\n<p>Pour vous, l\u2019action climatique commence par une meilleure compr\u00e9hension. Avec les bons outils, vous souhaitez transformer votre motivation en gestes concrets et durables dans votre pratique. Vous vous dites souvent qu\u2019il vous manque surtout un cadre simple et des appuis fiables pour passer du \u00ab je veux \u00bb au \u00ab je fais \u00bb, sans attendre d\u2019\u00eatre expert.e.<\/p>\n\n<\/div>    <\/div>\n<\/div>\n<\/div>\n<\/div>\n<\/div>\n<\/div>\n\n\n<div  class=\"block-wrapper \" data-block-name=\"Wysiwyg\">\n<div class=\"bloc-wysiwyg  highlight-bleu\">\n    <div class=\"container\">\n        <div class=\"wysiwyg \">\n\t<h4>Vid\u00e9o &#8211; conseil express : influencer positivement la mise en oeuvre d&#8217;actions climatiques<\/h4>\n<p>Cette vid\u00e9o met en lumi\u00e8re les principaux leviers qui facilitent le passage de l\u2019intention \u00e0 l\u2019action en mati\u00e8re de mesures d\u2019att\u00e9nuation et d\u2019adaptation li\u00e9es aux changements climatiques. Elle permet de mieux comprendre ce qui favorise r\u00e9ellement la mise en \u0153uvre des mesures, au\u2011del\u00e0 de la volont\u00e9 individuelle.<\/p>\n<p><iframe loading=\"lazy\" title=\"YouTube video player\" src=\"https:\/\/www.youtube.com\/embed\/SG5oknWZRYk?si=OmtI-0KtP7nNOfot\" width=\"560\" height=\"315\" frameborder=\"0\" allowfullscreen=\"allowfullscreen\"><\/iframe><\/p>\n\n<\/div>    <\/div>\n<\/div>\n<\/div>\n\n\n<div  class=\"block-wrapper \" data-block-name=\"Wysiwyg\">\n<div class=\"bloc-wysiwyg \">\n    <div class=\"container\">\n        <div class=\"wysiwyg \">\n\t<h2>DES RESSOURCES SUR MESURE<\/h2>\n<p>Parce que vous avez la motivation, mais pas toujours les rep\u00e8res pour avancer concr\u00e8tement, ces ressources peuvent vous aider \u00e0 structurer votre apprentissage et \u00e0 vous outiller. Vous y trouverez des bases solides, des rep\u00e8res clairs et des outils concrets pour passer \u00e0 l\u2019action.<\/p>\n<h3>POUR STRUCTURER VOTRE APPRENTISSAGE<\/h3>\n<p>Le <a href=\"https:\/\/maestro.oiq.qc.ca\/maestroiq_store_view\/parcours-decouverte-initiation-a-l-adaptation-aux-changements-climatiques2-html.html\" target=\"_blank\" rel=\"noopener\">parcours D\u00e9couverte<\/a> de la formation virtuelle \u00ab\u00a0Adaptation aux changements climatiques\u00a0: s\u2019informer et s\u2019outiller\u00a0\u00bb propose une introduction claire et progressive aux enjeux de l\u2019adaptation. Il vous permet d\u2019acqu\u00e9rir les notions de base, de mieux comprendre les impacts des changements climatiques et de d\u00e9velopper un langage commun pour aborder ces enjeux dans votre pratique. Ce parcours vous aide \u00e0 combler vos lacunes, \u00e0 structurer votre r\u00e9flexion et \u00e0 passer graduellement de l\u2019intention \u00e0 l\u2019action.<\/p>\n\n<\/div>    <\/div>\n<\/div>\n<\/div>\n\n\n<div  class=\"block-wrapper \" data-block-name=\"Text + Media Altern\u00e9s\">\n<div class=\"text-media layout-50-50 highlight-gris\">\n    <div class=\"container\">\n        <div class=\"tm-left\">\n                        <h2>Conf\u00e9rence virtuelle<\/h2>\n                                    <h3>L\u2019ing\u00e9nieur au c\u0153ur des solutions pour la transition verte<\/h3>\n                                        <div class=\"wysiwyg \">\n\t<p>La conf\u00e9rence propose un cadre structurant, des outils et des exemples pour passer de l\u2019intention \u00e0 l\u2019action.<\/p>\n\n<\/div>                                        <a href=\"https:\/\/maestro.oiq.qc.ca\/l-ingenieur-au-coeur-des-solutions-pour-la-transition-verte.html\" target=\"_blank\" class=\"btn-arrow is-blue bordered\">\n                                <span class=\"label\">En savoir plus<\/span>\n                        \n        <span class=\"icon reset-font\"><svg xmlns=\"http:\/\/www.w3.org\/2000\/svg\" width=\"10.582\" height=\"18.826\" viewBox=\"0 0 10.582 18.826\">\n\t<g id=\"Groupe_9\" data-name=\"Groupe 9\" transform=\"translate(-8.831 1.414)\">\n\t\t<g id=\"Groupe_8\" data-name=\"Groupe 8\">\n\t\t\t<path id=\"Line\" d=\"M0,0,7.755,8.235\" transform=\"translate(10.244)\" fill=\"currentColor\" stroke=\"currentColor\"\n\t\t\t      stroke-linecap=\"round\" stroke-miterlimit=\"10\" stroke-width=\"2\" class=\"fill\"\/>\n\t\t\t<path id=\"Line-2\" data-name=\"Line\" d=\"M0,8.235,7.755,0\" transform=\"translate(10.244 7.764)\"\n\t\t\t      fill=\"currentColor\" stroke=\"currentColor\" stroke-linecap=\"round\" stroke-miterlimit=\"10\" stroke-width=\"2\" class=\"fill\"\/>\n\t\t<\/g>\n\t<\/g>\n<\/svg>\n<\/span>\n    <\/a>\n                    <\/div>\n        <div class=\"tm-right\">\n                                            <img decoding=\"async\" class=\"tm-image no-shadow\" src=\"https:\/\/www.oiq.qc.ca\/wp-content\/uploads\/conference-transition-verte-560-370.png\" alt=\"\">\n                                      <\/div>\n    <\/div>\n  <\/div>\n\n<\/div>\n\n\n<div  class=\"block-wrapper \" data-block-name=\"Nouvelle Section\">\n<div class=\"new-section \" >\n        <div class=\"ns-container\">\n                            <div class=\"ns-inner\">\n                    <div class=\"ns-content\">\n                        <div class=\"container\">\n                            <div class=\"row\">\n                                <div class=\"col-12\">\n                                    <div class=\"ns-title\">\n                                                                            <\/div>\n                                <\/div>\n                                <div class=\"col-12\">\n                                    <div class=\"ns-txt\">\n                                                                                    <div class=\"wysiwyg \">\n\t<h3>POUR PASSER \u00c0 L\u2019ACTION DANS VOTRE PRATIQUE<\/h3>\n<p>Les ressources du <a href=\"https:\/\/gpp.oiq.qc.ca\/Developpement_durable.htm\" target=\"_blank\" rel=\"noopener\">Guide de pratique professionnelle (GPP)<\/a> en d\u00e9veloppement durable, notamment celles qui portent sur les principes du d\u00e9veloppement durable et leur int\u00e9gration dans la pratique du g\u00e9nie, offrent des d\u00e9marches concr\u00e8tes et des exemples applicables \u00e0 diff\u00e9rents contextes professionnels.<\/p>\n<p>&nbsp;<\/p>\n<p><img loading=\"lazy\" decoding=\"async\" class=\" wp-image-52593 alignleft\" src=\"https:\/\/www.oiq.qc.ca\/wp-content\/uploads\/istock-1326947701-300x200.jpg\" alt=\"\" width=\"236\" height=\"157\" srcset=\"https:\/\/www.oiq.qc.ca\/wp-content\/uploads\/istock-1326947701-300x200.jpg 300w, https:\/\/www.oiq.qc.ca\/wp-content\/uploads\/istock-1326947701-1024x682.jpg 1024w, https:\/\/www.oiq.qc.ca\/wp-content\/uploads\/istock-1326947701-560x370.jpg 560w, https:\/\/www.oiq.qc.ca\/wp-content\/uploads\/istock-1326947701-768x512.jpg 768w, https:\/\/www.oiq.qc.ca\/wp-content\/uploads\/istock-1326947701-1536x1023.jpg 1536w, https:\/\/www.oiq.qc.ca\/wp-content\/uploads\/istock-1326947701-2048x1364.jpg 2048w\" sizes=\"(max-width: 236px) 100vw, 236px\" \/>Suivre un parcours d\u2019autoformation est une mani\u00e8re \u00e0 la fois plus structur\u00e9e et plus ludique de consulter le Guide de pratique professionnelle (GPP). Tout au long des diff\u00e9rentes \u00e9tapes du parcours, on vous am\u00e8nera \u00e0 vous interroger et \u00e0 tester votre compr\u00e9hension et votre assimilation des contenus.<\/p>\n\n<\/div>                                                                            <\/div>\n                                <\/div>\n                            <\/div>\n                        <\/div>\n                    <\/div>\n                                            <div class=\"container\">\n                            <div class=\"row\">\n                                <div class=\"col-12\">\n                                    <div class=\"ns-footer\" data-component=\"modal\">\n                                                                                                                                                                                <a href=\"https:\/\/view.genially.com\/6748cc4e7be1ff3f2aa29867\" target=\"_blank\" class=\"btn bordered\">\n\n            <span class=\"label\">Acc\u00e9der<\/span>\n    \n                    <span class=\"icon reset-font\"><svg xmlns=\"http:\/\/www.w3.org\/2000\/svg\" width=\"18\" height=\"16\" viewBox=\"0 0 18 16\" fill=\"none\" class=\"arrow-mini-icon\">\n\t<path d=\"M10.3601 1.25732L9.99606 1.6001L9.99606 1.6001L10.3601 1.25732ZM10.0173 0.893311L10.3813 0.550537L10.0385 0.186524L9.67453 0.529298L10.0173 0.893311ZM16.0226 7.27076L15.6586 7.61353L16.0226 8.0001L16.3867 7.61353L16.0226 7.27076ZM16.1788 7.10491L16.5216 6.7409L16.1576 6.39813L15.8148 6.76214L16.1788 7.10491ZM16.9068 7.79046L17.2709 8.13324L17.6136 7.76922L17.2496 7.42645L16.9068 7.79046ZM16.7094 8.0001L16.3454 7.65732L16.0226 8.0001L16.3454 8.34287L16.7094 8.0001ZM16.9068 8.20974L17.2496 8.57375L17.6136 8.23097L17.2709 7.86696L16.9068 8.20974ZM16.1788 8.89528L15.8148 9.23806L16.1576 9.60207L16.5216 9.2593L16.1788 8.89528ZM16.0226 8.72944L16.3867 8.38667L16.0226 8.0001L15.6586 8.38667L16.0226 8.72944ZM10.3601 14.7429L10.7241 15.0856L10.7241 15.0856L10.3601 14.7429ZM10.0173 15.1069L9.67453 15.4709L10.0385 15.8137L10.3813 15.4497L10.0173 15.1069ZM9.28927 14.4213L8.92526 14.0786L8.58248 14.4426L8.9465 14.7854L9.28927 14.4213ZM9.63205 14.0573L9.99606 14.4001L9.99606 14.4001L9.63205 14.0573ZM14.865 8.5001L15.229 8.84287L16.0226 8.0001H14.865V8.5001ZM1.30005 8.5001H0.800049V9.0001H1.30005V8.5001ZM1.30005 7.5001V7.0001H0.800049V7.5001H1.30005ZM14.865 7.5001V8.0001H16.0226L15.229 7.15732L14.865 7.5001ZM9.63205 1.94287L9.99606 1.6001L9.63205 1.94287ZM9.28927 1.57886L8.9465 1.21485L8.58248 1.55762L8.92526 1.92163L9.28927 1.57886ZM10.7241 0.91455L10.3813 0.550537L9.65329 1.23609L9.99606 1.6001L10.7241 0.91455ZM16.3867 6.92798L10.7241 0.91455L9.99606 1.6001L15.6586 7.61353L16.3867 6.92798ZM16.3867 7.61353L16.5428 7.44769L15.8148 6.76214L15.6586 6.92798L16.3867 7.61353ZM15.836 7.46893L16.5641 8.15448L17.2496 7.42645L16.5216 6.7409L15.836 7.46893ZM16.5428 7.44769L16.3454 7.65732L17.0734 8.34287L17.2709 8.13324L16.5428 7.44769ZM17.2709 7.86696L17.0734 7.65732L16.3454 8.34287L16.5428 8.55251L17.2709 7.86696ZM16.5216 9.2593L17.2496 8.57375L16.5641 7.84572L15.836 8.53127L16.5216 9.2593ZM15.6586 9.07222L15.8148 9.23806L16.5428 8.55251L16.3867 8.38667L15.6586 9.07222ZM15.6586 8.38667L9.99606 14.4001L10.7241 15.0856L16.3867 9.07222L15.6586 8.38667ZM9.99606 14.4001L9.65329 14.7641L10.3813 15.4497L10.7241 15.0856L9.99606 14.4001ZM10.3601 14.7429L9.63205 14.0573L8.9465 14.7854L9.67453 15.4709L10.3601 14.7429ZM9.65329 14.7641L9.99606 14.4001L9.26803 13.7146L8.92526 14.0786L9.65329 14.7641ZM9.99606 14.4001L15.229 8.84287L14.501 8.15732L9.26803 13.7146L9.99606 14.4001ZM1.80005 9.0001H14.865V8.0001H1.80005V9.0001ZM1.30005 9.0001H1.80005V8.0001H1.30005V9.0001ZM0.800049 7.5001V8.5001H1.80005V7.5001H0.800049ZM1.80005 7.0001H1.30005V8.0001H1.80005V7.0001ZM14.865 7.0001H1.80005V8.0001H14.865V7.0001ZM9.26803 2.28565L14.501 7.84287L15.229 7.15732L9.99606 1.6001L9.26803 2.28565ZM8.92526 1.92163L9.26803 2.28565L9.99606 1.6001L9.65329 1.23609L8.92526 1.92163ZM9.67453 0.529298L8.9465 1.21485L9.63205 1.94287L10.3601 1.25732L9.67453 0.529298Z\"\n\t      fill=\"#0046F0\" class=\"fill\"\/>\n<\/svg>\n<\/span>\n    \n    <\/a>\n                                                                                                                                                                    <\/div>\n                                <\/div>\n                            <\/div>\n                        <\/div>\n                                    <\/div>\n                    <\/div>\n    <\/div>\n\n<script>\n    $(window).load(function() {\n        let hash = window.location.hash;\n        if (hash) {\n            $('html,body').animate({ scrollTop: $(hash).offset().top - 60 }, 'slow');\n        }\n    });\n<\/script>\n<\/div>\n\n\n<div  class=\"block-wrapper \" data-block-name=\"Wysiwyg\">\n<div class=\"bloc-wysiwyg \">\n    <div class=\"container\">\n        <div class=\"wysiwyg \">\n\t<h3>POUR GAGNER EN ASSURANCE ET MIEUX COMMUNIQUER<\/h3>\n<p>La formation virtuelle \u00ab\u00a0<a href=\"https:\/\/maestro.oiq.qc.ca\/presentation-percutante.html\" target=\"_blank\" rel=\"noopener\">Pr\u00e9sentations percutantes<\/a>\u00a0\u00bb vous permet de structurer vos id\u00e9es, de clarifier vos messages et de gagner en assurance lorsque vient le temps de parler de pratiques durables avec vos coll\u00e8gues ou partenaires.<\/p>\n<p>Les <a href=\"https:\/\/cqdd.qc.ca\/guides-et-grilles\/\" target=\"_blank\" rel=\"noopener\">guides et fiches pratiques<\/a> du Centre qu\u00e9b\u00e9cois de d\u00e9veloppement durable (CQDD) compl\u00e8tent cet accompagnement en proposant des outils simples et concrets pour appuyer vos d\u00e9marches.<\/p>\n<p>&nbsp;<\/p>\n<p>&nbsp;<\/p>\n<p>Vous voulez vous engager davantage, sans toujours savoir par o\u00f9 commencer. En clarifiant ce qui vous manque r\u00e9ellement (rep\u00e8res, m\u00e9thode, arguments, soutien), vous pouvez avancer plus sereinement et transformer votre motivation en actions concr\u00e8tes dans votre pratique.<\/p>\n<p>Cette semaine, identifiez le frein qui vous bloque le plus (manque de m\u00e9thode, de rep\u00e8res, d\u2019arguments, de temps). Puis choisissez une seule source fiable \u2014 un coll\u00e8gue, une formation, un guide, un webinaire \u2014 pour vous aider \u00e0 lever ce frein, et notez une chose concr\u00e8te \u00e0 essayer sur votre prochain projet.<\/p>\n\n<\/div>    <\/div>\n<\/div>\n<\/div>\n\n\n<div  class=\"block-wrapper \">\n<div class=\"linksList\">\n    <div class=\"container\">\n        <div class=\"row\">\n            <div class=\"linksList-col\">\n                                <h2 class=\"linksList-title\">\n                    Pour aller plus loin\n                <\/h2>\n                                                                                            <div class=\"linkItem\">\n                    <a href=\"https:\/\/cqdd.qc.ca\/guides-et-grilles\/\" target=\"_blank\" class=\"btn-arrow is-blue\">\n                                <span class=\"label\">Guide de pratique professionnelle (GPP) &#8211; Bo\u00eete \u00e0 outils<\/span>\n                        \n        <span class=\"icon reset-font\"><svg xmlns=\"http:\/\/www.w3.org\/2000\/svg\" width=\"10.582\" height=\"18.826\" viewBox=\"0 0 10.582 18.826\">\n\t<g id=\"Groupe_9\" data-name=\"Groupe 9\" transform=\"translate(-8.831 1.414)\">\n\t\t<g id=\"Groupe_8\" data-name=\"Groupe 8\">\n\t\t\t<path id=\"Line\" d=\"M0,0,7.755,8.235\" transform=\"translate(10.244)\" fill=\"currentColor\" stroke=\"currentColor\"\n\t\t\t      stroke-linecap=\"round\" stroke-miterlimit=\"10\" stroke-width=\"2\" class=\"fill\"\/>\n\t\t\t<path id=\"Line-2\" data-name=\"Line\" d=\"M0,8.235,7.755,0\" transform=\"translate(10.244 7.764)\"\n\t\t\t      fill=\"currentColor\" stroke=\"currentColor\" stroke-linecap=\"round\" stroke-miterlimit=\"10\" stroke-width=\"2\" class=\"fill\"\/>\n\t\t<\/g>\n\t<\/g>\n<\/svg>\n<\/span>\n    <\/a>\n            <\/div>\n                                                                                                                <div class=\"linkItem\">\n                    <a href=\"https:\/\/maestro.oiq.qc.ca\/accelerer-la-transition-energetique-sans-la-faire-deraper.html\" target=\"_blank\" class=\"btn-arrow is-blue\">\n                                <span class=\"label\">Conf\u00e9rence virtuelle OIQ &#8211; Acc\u00e9l\u00e9rer la transition \u00e9nerg\u00e9tique sans la faire d\u00e9raper <\/span>\n                        \n        <span class=\"icon reset-font\"><svg xmlns=\"http:\/\/www.w3.org\/2000\/svg\" width=\"10.582\" height=\"18.826\" viewBox=\"0 0 10.582 18.826\">\n\t<g id=\"Groupe_9\" data-name=\"Groupe 9\" transform=\"translate(-8.831 1.414)\">\n\t\t<g id=\"Groupe_8\" data-name=\"Groupe 8\">\n\t\t\t<path id=\"Line\" d=\"M0,0,7.755,8.235\" transform=\"translate(10.244)\" fill=\"currentColor\" stroke=\"currentColor\"\n\t\t\t      stroke-linecap=\"round\" stroke-miterlimit=\"10\" stroke-width=\"2\" class=\"fill\"\/>\n\t\t\t<path id=\"Line-2\" data-name=\"Line\" d=\"M0,8.235,7.755,0\" transform=\"translate(10.244 7.764)\"\n\t\t\t      fill=\"currentColor\" stroke=\"currentColor\" stroke-linecap=\"round\" stroke-miterlimit=\"10\" stroke-width=\"2\" class=\"fill\"\/>\n\t\t<\/g>\n\t<\/g>\n<\/svg>\n<\/span>\n    <\/a>\n            <\/div>\n                                                                                                                <div class=\"linkItem\">\n                    <a href=\"https:\/\/www.ouranos.ca\/fr\/science-du-climat-changements-quebec\" target=\"_blank\" class=\"btn-arrow is-blue\">\n                                <span class=\"label\">Ouranos \u2013 Comprendre la science du climat  <\/span>\n                        \n        <span class=\"icon reset-font\"><svg xmlns=\"http:\/\/www.w3.org\/2000\/svg\" width=\"10.582\" height=\"18.826\" viewBox=\"0 0 10.582 18.826\">\n\t<g id=\"Groupe_9\" data-name=\"Groupe 9\" transform=\"translate(-8.831 1.414)\">\n\t\t<g id=\"Groupe_8\" data-name=\"Groupe 8\">\n\t\t\t<path id=\"Line\" d=\"M0,0,7.755,8.235\" transform=\"translate(10.244)\" fill=\"currentColor\" stroke=\"currentColor\"\n\t\t\t      stroke-linecap=\"round\" stroke-miterlimit=\"10\" stroke-width=\"2\" class=\"fill\"\/>\n\t\t\t<path id=\"Line-2\" data-name=\"Line\" d=\"M0,8.235,7.755,0\" transform=\"translate(10.244 7.764)\"\n\t\t\t      fill=\"currentColor\" stroke=\"currentColor\" stroke-linecap=\"round\" stroke-miterlimit=\"10\" stroke-width=\"2\" class=\"fill\"\/>\n\t\t<\/g>\n\t<\/g>\n<\/svg>\n<\/span>\n    <\/a>\n            <\/div>\n                                                                <\/div>\n        <\/div>\n    <\/div>\n<\/div>\n<\/div>\n","protected":false},"excerpt":{"rendered":"","protected":false},"featured_media":0,"template":"","meta":{"_acf_changed":false,"_relevanssi_hide_post":"","_relevanssi_hide_content":"","_relevanssi_pin_for_all":"","_relevanssi_pin_keywords":"action climatique, barom&egrave;tre climatique, engagement ing&eacute;nieur,  id&eacute;aliste en manque d&rsquo;outils, pratiques durables, contraintes, d&eacute;veloppement durable, adaptation changements climatiques, transition &eacute;cologique, motivation professionnelle, leviers d&rsquo;action, g&eacute;nie et environnement","_relevanssi_unpin_keywords":"","_relevanssi_related_keywords":"","_relevanssi_related_include_ids":"","_relevanssi_related_exclude_ids":"","_relevanssi_related_no_append":"","_relevanssi_related_not_related":"","_relevanssi_related_posts":"","_relevanssi_noindex_reason":"","inline_featured_image":false,"footnotes":""},"type_publication":[260],"secteurs_activites":[],"categorie_publication":[280],"theme":[254,302],"class_list":["post-52639","publication","type-publication","status-publish","hentry","type_publication-profession-et-evenements","categorie_publication-tendances-en-genie","theme-developpement-durable","theme-changements-climatiques-et-adaptation"],"acf":[],"yoast_head":"<!-- This site is optimized with the Yoast SEO plugin v26.6 - https:\/\/yoast.com\/wordpress\/plugins\/seo\/ -->\n<title>L\u2019engagement en qu\u00eate de rep\u00e8res - OIQ - Ordre des ing\u00e9nieurs du Qu\u00e9bec (French only)<\/title>\n<meta name=\"description\" content=\"Vous souhaitez agir pour le climat mais manquez d\u2019outils\u202f? D\u00e9couvrez des outils concr\u00e8ts pour transformer votre engagement en impact r\u00e9el.\" \/>\n<meta name=\"robots\" content=\"index, follow, max-snippet:-1, max-image-preview:large, max-video-preview:-1\" \/>\n<link rel=\"canonical\" href=\"https:\/\/www.oiq.qc.ca\/publication\/barometre-action-climatique-idealiste-en-manque-d-outils\/\" \/>\n<meta property=\"og:locale\" content=\"en_US\" \/>\n<meta property=\"og:type\" content=\"article\" \/>\n<meta property=\"og:title\" content=\"L\u2019engagement en qu\u00eate de rep\u00e8res - OIQ - Ordre des ing\u00e9nieurs du Qu\u00e9bec\" \/>\n<meta property=\"og:description\" content=\"Vous souhaitez agir pour le climat mais manquez d\u2019outils\u202f? D\u00e9couvrez des outils concr\u00e8ts pour transformer votre engagement en impact r\u00e9el.\" \/>\n<meta property=\"og:url\" content=\"https:\/\/www.oiq.qc.ca\/publication\/barometre-action-climatique-idealiste-en-manque-d-outils\/\" \/>\n<meta property=\"og:site_name\" content=\"OIQ - Ordre des ing\u00e9nieurs du Qu\u00e9bec\" \/>\n<meta property=\"article:modified_time\" content=\"2026-04-17T17:18:03+00:00\" \/>\n<meta property=\"og:image\" content=\"https:\/\/www.oiq.qc.ca\/wp-content\/uploads\/idealiste-manque-outils-hero.png\" \/>\n\t<meta property=\"og:image:width\" content=\"1920\" \/>\n\t<meta property=\"og:image:height\" content=\"1080\" \/>\n\t<meta property=\"og:image:type\" content=\"image\/png\" \/>\n<meta name=\"twitter:card\" content=\"summary_large_image\" \/>\n<meta name=\"twitter:image\" content=\"https:\/\/www.oiq.qc.ca\/wp-content\/uploads\/idealiste-manque-outils-hero.png\" \/>\n<meta name=\"twitter:label1\" content=\"Est. reading time\" \/>\n\t<meta name=\"twitter:data1\" content=\"6 minutes\" \/>\n<script type=\"application\/ld+json\" class=\"yoast-schema-graph\">{\"@context\":\"https:\/\/schema.org\",\"@graph\":[{\"@type\":\"WebPage\",\"@id\":\"https:\/\/www.oiq.qc.ca\/publication\/barometre-action-climatique-idealiste-en-manque-d-outils\/\",\"url\":\"https:\/\/www.oiq.qc.ca\/publication\/barometre-action-climatique-idealiste-en-manque-d-outils\/\",\"name\":\"L\u2019engagement en qu\u00eate de rep\u00e8res - OIQ - Ordre des ing\u00e9nieurs du Qu\u00e9bec\",\"isPartOf\":{\"@id\":\"https:\/\/www.oiq.qc.ca\/#website\"},\"datePublished\":\"2026-04-17T17:03:36+00:00\",\"dateModified\":\"2026-04-17T17:18:03+00:00\",\"description\":\"Vous souhaitez agir pour le climat mais manquez d\u2019outils\u202f? D\u00e9couvrez des outils concr\u00e8ts pour transformer votre engagement en impact r\u00e9el.\",\"breadcrumb\":{\"@id\":\"https:\/\/www.oiq.qc.ca\/publication\/barometre-action-climatique-idealiste-en-manque-d-outils\/#breadcrumb\"},\"inLanguage\":\"en-CA\",\"potentialAction\":[{\"@type\":\"ReadAction\",\"target\":[\"https:\/\/www.oiq.qc.ca\/publication\/barometre-action-climatique-idealiste-en-manque-d-outils\/\"]}]},{\"@type\":\"BreadcrumbList\",\"@id\":\"https:\/\/www.oiq.qc.ca\/publication\/barometre-action-climatique-idealiste-en-manque-d-outils\/#breadcrumb\",\"itemListElement\":[{\"@type\":\"ListItem\",\"position\":1,\"name\":\"Home\",\"item\":\"https:\/\/www.oiq.qc.ca\/en\/\"},{\"@type\":\"ListItem\",\"position\":2,\"name\":\"L\u2019engagement en qu\u00eate de rep\u00e8res\"}]},{\"@type\":\"WebSite\",\"@id\":\"https:\/\/www.oiq.qc.ca\/#website\",\"url\":\"https:\/\/www.oiq.qc.ca\/\",\"name\":\"OIQ - Ordre des ing\u00e9nieurs du Qu\u00e9bec\",\"description\":\"Ordre des ing\u00e9nieurs du Qu\u00e9bec\",\"publisher\":{\"@id\":\"https:\/\/www.oiq.qc.ca\/#organization\"},\"potentialAction\":[{\"@type\":\"SearchAction\",\"target\":{\"@type\":\"EntryPoint\",\"urlTemplate\":\"https:\/\/www.oiq.qc.ca\/?s={search_term_string}\"},\"query-input\":{\"@type\":\"PropertyValueSpecification\",\"valueRequired\":true,\"valueName\":\"search_term_string\"}}],\"inLanguage\":\"en-CA\"},{\"@type\":\"Organization\",\"@id\":\"https:\/\/www.oiq.qc.ca\/#organization\",\"name\":\"OIQ - Ordre des Ing\u00e9nieurs du Qu\u00e9bec\",\"url\":\"https:\/\/www.oiq.qc.ca\/\",\"logo\":{\"@type\":\"ImageObject\",\"inLanguage\":\"en-CA\",\"@id\":\"https:\/\/www.oiq.qc.ca\/#\/schema\/logo\/image\/\",\"url\":\"https:\/\/www.oiq.qc.ca\/wp-content\/uploads\/logo-oiq-696x696-yoast.png\",\"contentUrl\":\"https:\/\/www.oiq.qc.ca\/wp-content\/uploads\/logo-oiq-696x696-yoast.png\",\"width\":696,\"height\":696,\"caption\":\"OIQ - Ordre des Ing\u00e9nieurs du Qu\u00e9bec\"},\"image\":{\"@id\":\"https:\/\/www.oiq.qc.ca\/#\/schema\/logo\/image\/\"}}]}<\/script>\n<!-- \/ Yoast SEO plugin. -->","yoast_head_json":{"title":"L\u2019engagement en qu\u00eate de rep\u00e8res - OIQ - Ordre des ing\u00e9nieurs du Qu\u00e9bec (French only)","description":"Vous souhaitez agir pour le climat mais manquez d\u2019outils\u202f? D\u00e9couvrez des outils concr\u00e8ts pour transformer votre engagement en impact r\u00e9el.","robots":{"index":"index","follow":"follow","max-snippet":"max-snippet:-1","max-image-preview":"max-image-preview:large","max-video-preview":"max-video-preview:-1"},"canonical":"https:\/\/www.oiq.qc.ca\/publication\/barometre-action-climatique-idealiste-en-manque-d-outils\/","og_locale":"en_US","og_type":"article","og_title":"L\u2019engagement en qu\u00eate de rep\u00e8res - OIQ - Ordre des ing\u00e9nieurs du Qu\u00e9bec","og_description":"Vous souhaitez agir pour le climat mais manquez d\u2019outils\u202f? D\u00e9couvrez des outils concr\u00e8ts pour transformer votre engagement en impact r\u00e9el.","og_url":"https:\/\/www.oiq.qc.ca\/publication\/barometre-action-climatique-idealiste-en-manque-d-outils\/","og_site_name":"OIQ - Ordre des ing\u00e9nieurs du Qu\u00e9bec","article_modified_time":"2026-04-17T17:18:03+00:00","og_image":[{"width":1920,"height":1080,"url":"https:\/\/www.oiq.qc.ca\/wp-content\/uploads\/idealiste-manque-outils-hero.png","type":"image\/png"}],"twitter_card":"summary_large_image","twitter_image":"https:\/\/www.oiq.qc.ca\/wp-content\/uploads\/idealiste-manque-outils-hero.png","twitter_misc":{"Est. reading time":"6 minutes"},"schema":{"@context":"https:\/\/schema.org","@graph":[{"@type":"WebPage","@id":"https:\/\/www.oiq.qc.ca\/publication\/barometre-action-climatique-idealiste-en-manque-d-outils\/","url":"https:\/\/www.oiq.qc.ca\/publication\/barometre-action-climatique-idealiste-en-manque-d-outils\/","name":"L\u2019engagement en qu\u00eate de rep\u00e8res - OIQ - Ordre des ing\u00e9nieurs du Qu\u00e9bec","isPartOf":{"@id":"https:\/\/www.oiq.qc.ca\/#website"},"datePublished":"2026-04-17T17:03:36+00:00","dateModified":"2026-04-17T17:18:03+00:00","description":"Vous souhaitez agir pour le climat mais manquez d\u2019outils\u202f? D\u00e9couvrez des outils concr\u00e8ts pour transformer votre engagement en impact r\u00e9el.","breadcrumb":{"@id":"https:\/\/www.oiq.qc.ca\/publication\/barometre-action-climatique-idealiste-en-manque-d-outils\/#breadcrumb"},"inLanguage":"en-CA","potentialAction":[{"@type":"ReadAction","target":["https:\/\/www.oiq.qc.ca\/publication\/barometre-action-climatique-idealiste-en-manque-d-outils\/"]}]},{"@type":"BreadcrumbList","@id":"https:\/\/www.oiq.qc.ca\/publication\/barometre-action-climatique-idealiste-en-manque-d-outils\/#breadcrumb","itemListElement":[{"@type":"ListItem","position":1,"name":"Home","item":"https:\/\/www.oiq.qc.ca\/en\/"},{"@type":"ListItem","position":2,"name":"L\u2019engagement en qu\u00eate de rep\u00e8res"}]},{"@type":"WebSite","@id":"https:\/\/www.oiq.qc.ca\/#website","url":"https:\/\/www.oiq.qc.ca\/","name":"OIQ - Ordre des ing\u00e9nieurs du Qu\u00e9bec","description":"Ordre des ing\u00e9nieurs du Qu\u00e9bec","publisher":{"@id":"https:\/\/www.oiq.qc.ca\/#organization"},"potentialAction":[{"@type":"SearchAction","target":{"@type":"EntryPoint","urlTemplate":"https:\/\/www.oiq.qc.ca\/?s={search_term_string}"},"query-input":{"@type":"PropertyValueSpecification","valueRequired":true,"valueName":"search_term_string"}}],"inLanguage":"en-CA"},{"@type":"Organization","@id":"https:\/\/www.oiq.qc.ca\/#organization","name":"OIQ - Ordre des Ing\u00e9nieurs du Qu\u00e9bec","url":"https:\/\/www.oiq.qc.ca\/","logo":{"@type":"ImageObject","inLanguage":"en-CA","@id":"https:\/\/www.oiq.qc.ca\/#\/schema\/logo\/image\/","url":"https:\/\/www.oiq.qc.ca\/wp-content\/uploads\/logo-oiq-696x696-yoast.png","contentUrl":"https:\/\/www.oiq.qc.ca\/wp-content\/uploads\/logo-oiq-696x696-yoast.png","width":696,"height":696,"caption":"OIQ - Ordre des Ing\u00e9nieurs du Qu\u00e9bec"},"image":{"@id":"https:\/\/www.oiq.qc.ca\/#\/schema\/logo\/image\/"}}]}},"_links":{"self":[{"href":"https:\/\/www.oiq.qc.ca\/en\/wp-json\/wp\/v2\/publication\/52639","targetHints":{"allow":["GET"]}}],"collection":[{"href":"https:\/\/www.oiq.qc.ca\/en\/wp-json\/wp\/v2\/publication"}],"about":[{"href":"https:\/\/www.oiq.qc.ca\/en\/wp-json\/wp\/v2\/types\/publication"}],"version-history":[{"count":3,"href":"https:\/\/www.oiq.qc.ca\/en\/wp-json\/wp\/v2\/publication\/52639\/revisions"}],"predecessor-version":[{"id":53366,"href":"https:\/\/www.oiq.qc.ca\/en\/wp-json\/wp\/v2\/publication\/52639\/revisions\/53366"}],"wp:attachment":[{"href":"https:\/\/www.oiq.qc.ca\/en\/wp-json\/wp\/v2\/media?parent=52639"}],"wp:term":[{"taxonomy":"type_publication","embeddable":true,"href":"https:\/\/www.oiq.qc.ca\/en\/wp-json\/wp\/v2\/type_publication?post=52639"},{"taxonomy":"secteurs_activites","embeddable":true,"href":"https:\/\/www.oiq.qc.ca\/en\/wp-json\/wp\/v2\/secteurs_activites?post=52639"},{"taxonomy":"categorie_publication","embeddable":true,"href":"https:\/\/www.oiq.qc.ca\/en\/wp-json\/wp\/v2\/categorie_publication?post=52639"},{"taxonomy":"theme","embeddable":true,"href":"https:\/\/www.oiq.qc.ca\/en\/wp-json\/wp\/v2\/theme?post=52639"}],"curies":[{"name":"wp","href":"https:\/\/api.w.org\/{rel}","templated":true}]}}