{"id":52117,"date":"2026-03-23T11:24:51","date_gmt":"2026-03-23T15:24:51","guid":{"rendered":"https:\/\/www.oiq.qc.ca\/?post_type=publication&#038;p=52117"},"modified":"2026-03-23T11:24:52","modified_gmt":"2026-03-23T15:24:52","slug":"choisir-le-statut-de-membre-a-la-retraite-quest-ce-que-cela-implique","status":"publish","type":"publication","link":"https:\/\/www.oiq.qc.ca\/en\/publication\/choisir-le-statut-de-membre-a-la-retraite-quest-ce-que-cela-implique\/","title":{"rendered":"Choisir le statut de membre \u00e0 la retraite : qu\u2019est-ce que cela implique?"},"content":{"rendered":"\n<p><\/p>\n\n\n<div  class=\"block-wrapper \" data-block-name=\"Wysiwyg\">\n<div class=\"bloc-wysiwyg \">\n    <div class=\"container\">\n        <div class=\"wysiwyg \">\n\t<p>Jean accepte, croyant que ce simple geste n\u2019a rien d\u2019engageant. Pourtant, ce qu\u2019il ne sait pas, c\u2019est qu\u2019il vient de franchir la ligne entre \u00ab aider \u00bb et \u00ab exercer l\u2019ing\u00e9nierie \u00bb. Et pour un ing\u00e9nieur ayant le statut de membre \u00e0 la retraite, cette distinction change tout. Ce sc\u00e9nario, nous le voyons trop souvent. Et il est g\u00e9n\u00e9ralement attribuable non pas \u00e0 de la mauvaise foi, mais \u00e0 une m\u00e9connaissance des r\u00e8gles. Voil\u00e0 pourquoi nous insisterons ici sur l\u2019importance de bien comprendre tout ce qu\u2019implique le choix du statut de membre \u00e0 la retraite.<\/p>\n<p>&nbsp;<\/p>\n<h2>Un statut con\u00e7u pour refl\u00e9ter une r\u00e9alit\u00e9 : avoir cess\u00e9 l\u2019exercice de l\u2019ing\u00e9nierie<\/h2>\n<p>Le statut de membre \u00e0 la retraite est con\u00e7u pour correspondre \u00e0 une situation simple : le fait d\u2019avoir cess\u00e9 enti\u00e8rement l\u2019exercice de l\u2019ing\u00e9nierie, activit\u00e9s r\u00e9serv\u00e9es et non r\u00e9serv\u00e9es comprises.<\/p>\n<p>Contrairement \u00e0 ce que plusieurs croient, l\u2019exercice de l\u2019ing\u00e9nierie ne se limite pas \u00e0 signer des plans. La gestion de projets techniques, l\u2019informatique, le transfert de connaissances techniques : tout cela peut en faire partie.<\/p>\n<p>Ainsi, pour \u00eatre admissible au statut de membre \u00e0 la retraite, il faut :<\/p>\n<ul>\n<li>avoir au moins 60 ans ;<\/li>\n<li>\u00eatre titulaire d\u2019un permis d\u2019ing\u00e9nieur ;<\/li>\n<li>avoir cess\u00e9 enti\u00e8rement d\u2019exercer l\u2019ing\u00e9nierie, sous toutes ses formes ;<\/li>\n<li>avoir cess\u00e9 ou r\u00e9duit ses activit\u00e9s hors g\u00e9nie \u00e0 un maximum de 30 h\/semaine ou de 1560 h\/an ;<\/li>\n<li>ne pas offrir de service d\u2019inspection pr\u00e9achat, m\u00eame b\u00e9n\u00e9volement.<\/li>\n<\/ul>\n<p>Ces crit\u00e8res peuvent sembler stricts, mais ils servent surtout \u00e0 clarifier une zone grise qui, sans balises, peut amener une ing\u00e9nieure ou un ing\u00e9nieur ayant le statut de membre \u00e0 la retraite \u00e0 s\u2019exposer \u00e0 des situations de non-conformit\u00e9\u2026 parfois sans s\u2019en rendre compte.<\/p>\n<p>&nbsp;<\/p>\n\n<\/div>    <\/div>\n<\/div>\n<\/div>\n\n\n<div  class=\"block-wrapper \" data-block-name=\"Wysiwyg\">\n<div class=\"bloc-wysiwyg  highlight-gris\">\n    <div class=\"container\">\n        <div class=\"wysiwyg \">\n\t<h2>Statut de membre \u00e0 la retraite et assurance responsabilit\u00e9 professionnelle<\/h2>\n<p>Le r\u00e9gime de base de l\u2019assurance responsabilit\u00e9 professionnelle couvre les membres ayant le statut de membres \u00e0 la retraite, mais uniquement pour les actes ant\u00e9rieurs \u00e0 la retraite. En cas de retour \u00e0 la pratique (activit\u00e9s r\u00e9serv\u00e9es et non r\u00e9serv\u00e9es), une r\u00e9gularisation est imp\u00e9rative (statut + assurance + formation continue) afin d\u2019assurer une protection ad\u00e9quate tant des membres de l\u2019Ordre que du public.<br \/>\n&nbsp;<\/p>\n\n<\/div>    <\/div>\n<\/div>\n<\/div>\n\n\n<div  class=\"block-wrapper \" data-block-name=\"Wysiwyg\">\n<div class=\"bloc-wysiwyg \">\n    <div class=\"container\">\n        <div class=\"wysiwyg \">\n\t<h2>La zone o\u00f9 il n\u2019y a pas de risque : travailler hors g\u00e9nie<\/h2>\n<p>Adopter le statut de membre \u00e0 la retraite ne signifie pas renoncer \u00e0 toute activit\u00e9 professionnelle. Plusieurs membres ayant ce statut souhaitent demeurer actifs professionnellement : conseil d\u2019administration, gestion non technique, vente, supervision g\u00e9n\u00e9rale\u2026Tout cela est possible, \u00e0 condition que leurs activit\u00e9s :<\/p>\n<ul>\n<li>ne rel\u00e8vent pas de l\u2019ing\u00e9nierie,<\/li>\n<li>ne d\u00e9passent pas de 30 h\/semaine ou de 1560 h\/an.<\/li>\n<\/ul>\n<h2>Membre ou membre \u00e0 la retraite ? Comment choisir son statut ?<\/h2>\n<p>Avant de demander le statut de membre \u00e0 la retraite, posez-vous les questions suivantes :<\/p>\n<ul>\n<li><span style=\"font-size: 19px; letter-spacing: 0px;\">Vais-je encore intervenir dans des d\u00e9cisions techniques?<\/span><\/li>\n<li><span style=\"font-size: 19px; letter-spacing: 0px;\">Est-ce que des coll\u00e8gues, des amis ou d\u2019anciens clients pourraient me solliciter?<\/span><\/li>\n<li><span style=\"font-size: 19px; letter-spacing: 0px;\">Mes activit\u00e9s hors g\u00e9nie d\u00e9passent-elles 30 h\/semaine?<\/span><\/li>\n<li><span style=\"font-size: 19px; letter-spacing: 0px;\">Ai-je la certitude de ne plus exercer aucune forme d\u2019ing\u00e9nierie?<\/span><\/li>\n<\/ul>\n<p>Si la r\u00e9ponse n\u2019est pas claire, il serait judicieux de v\u00e9rifier votre situation avant de faire une demande de changement de statut.<\/p>\n<p>Si vous vous reconnaissez dans la situation de Jean ou si vous vous demandez si vos activit\u00e9s correspondent encore ou non \u00e0 l\u2019exercice de l\u2019ing\u00e9nierie, nous sommes l\u00e0 pour vous accompagner. Votre parcours m\u00e9rite clart\u00e9, s\u00e9r\u00e9nit\u00e9 et reconnaissance. \u00c9crivez-nous \u00e0 <a href=\"mailto:pratiqueprof@oiq.qc.ca\">pratiqueprof@oiq.qc.ca<\/a>.<\/p>\n<p>Le statut de membre \u00e0 la retraite offre des avantages : une cotisation r\u00e9duite et la fin de l\u2019obligation de formation continue. Il comprend toutefois des obligations \u00e0 respecter afin d\u2019assurer aux membres une fin de carri\u00e8re sereine et de pr\u00e9server la s\u00e9curit\u00e9 et la confiance du public.<\/p>\n\n<\/div>    <\/div>\n<\/div>\n<\/div>\n\n\n<div  class=\"block-wrapper \" data-block-name=\"Wysiwyg\">\n<div class=\"bloc-wysiwyg  highlight-gris\">\n    <div class=\"container\">\n        <div class=\"wysiwyg \">\n\t<h2>Nouvelle obligation pour les membres ayant le statut de membre \u00e0 la retraite<\/h2>\n<p>&nbsp;<\/p>\n<p>\u00c0 compter du 1<sup>er<\/sup> avril 2026, si vous avez ce statut, vous devrez ajouter la mention \u00ab\u2009\u00e0 la retraite\u2009\u00bb lorsque vous utiliserez le titre d\u2019ing\u00e9nieur ou son abr\u00e9viation (ing.), et ce, dans toutes vos communications ou affichages (courrier, courriel, r\u00e9seaux sociaux, etc.).<br \/>\n&nbsp;<\/p>\n\n<\/div>    <\/div>\n<\/div>\n<\/div>\n","protected":false},"excerpt":{"rendered":"","protected":false},"featured_media":0,"template":"","meta":{"_acf_changed":false,"_relevanssi_hide_post":"","_relevanssi_hide_content":"","_relevanssi_pin_for_all":"","_relevanssi_pin_keywords":"","_relevanssi_unpin_keywords":"","_relevanssi_related_keywords":"","_relevanssi_related_include_ids":"","_relevanssi_related_exclude_ids":"","_relevanssi_related_no_append":"","_relevanssi_related_not_related":"","_relevanssi_related_posts":"","_relevanssi_noindex_reason":"","inline_featured_image":false,"footnotes":""},"type_publication":[259],"secteurs_activites":[],"categorie_publication":[282,284],"theme":[],"class_list":["post-52117","publication","type-publication","status-publish","hentry","type_publication-aide-a-la-pratique","categorie_publication-encadrement-et-obligations-professionnelles","categorie_publication-lois-et-reglements"],"acf":[],"yoast_head":"<!-- This site is optimized with the Yoast SEO plugin v26.6 - https:\/\/yoast.com\/wordpress\/plugins\/seo\/ -->\n<title>Choisir le statut de membre \u00e0 la retraite : qu\u2019est-ce que cela implique? - OIQ - Ordre des ing\u00e9nieurs du Qu\u00e9bec (French only)<\/title>\n<meta name=\"description\" content=\"Statut ing\u00e9nieur.e \u00e0 la retraite\u202f: conditions, obligations et limites \u00e0 conna\u00eetre pour \u00e9viter les zones grises.\" \/>\n<meta name=\"robots\" content=\"index, follow, max-snippet:-1, max-image-preview:large, max-video-preview:-1\" \/>\n<link rel=\"canonical\" href=\"https:\/\/www.oiq.qc.ca\/publication\/choisir-le-statut-de-membre-a-la-retraite-quest-ce-que-cela-implique\/\" \/>\n<meta property=\"og:locale\" content=\"en_US\" \/>\n<meta property=\"og:type\" content=\"article\" \/>\n<meta property=\"og:title\" content=\"Choisir le statut de membre \u00e0 la retraite : qu\u2019est-ce que cela implique? - OIQ - Ordre des ing\u00e9nieurs du Qu\u00e9bec\" \/>\n<meta property=\"og:description\" content=\"Statut ing\u00e9nieur.e \u00e0 la retraite\u202f: conditions, obligations et limites \u00e0 conna\u00eetre pour \u00e9viter les zones grises.\" \/>\n<meta property=\"og:url\" content=\"https:\/\/www.oiq.qc.ca\/publication\/choisir-le-statut-de-membre-a-la-retraite-quest-ce-que-cela-implique\/\" \/>\n<meta property=\"og:site_name\" content=\"OIQ - Ordre des ing\u00e9nieurs du Qu\u00e9bec\" \/>\n<meta property=\"article:modified_time\" content=\"2026-03-23T15:24:52+00:00\" \/>\n<meta property=\"og:image\" content=\"https:\/\/www.oiq.qc.ca\/wp-content\/uploads\/printemps-2026-1920x1080-pratique-exemplaire-vie-pro-statut-membre-retraite-1.jpg\" \/>\n\t<meta property=\"og:image:width\" content=\"1920\" \/>\n\t<meta property=\"og:image:height\" content=\"1080\" \/>\n\t<meta property=\"og:image:type\" content=\"image\/jpeg\" \/>\n<meta name=\"twitter:card\" content=\"summary_large_image\" \/>\n<meta name=\"twitter:image\" content=\"https:\/\/www.oiq.qc.ca\/wp-content\/uploads\/printemps-2026-1920x1080-pratique-exemplaire-vie-pro-statut-membre-retraite-1.jpg\" \/>\n<meta name=\"twitter:label1\" content=\"Est. reading time\" \/>\n\t<meta name=\"twitter:data1\" content=\"4 minutes\" \/>\n<script type=\"application\/ld+json\" class=\"yoast-schema-graph\">{\"@context\":\"https:\/\/schema.org\",\"@graph\":[{\"@type\":\"WebPage\",\"@id\":\"https:\/\/www.oiq.qc.ca\/publication\/choisir-le-statut-de-membre-a-la-retraite-quest-ce-que-cela-implique\/\",\"url\":\"https:\/\/www.oiq.qc.ca\/publication\/choisir-le-statut-de-membre-a-la-retraite-quest-ce-que-cela-implique\/\",\"name\":\"Choisir le statut de membre \u00e0 la retraite : qu\u2019est-ce que cela implique? - OIQ - Ordre des ing\u00e9nieurs du Qu\u00e9bec\",\"isPartOf\":{\"@id\":\"https:\/\/www.oiq.qc.ca\/#website\"},\"datePublished\":\"2026-03-23T15:24:51+00:00\",\"dateModified\":\"2026-03-23T15:24:52+00:00\",\"description\":\"Statut ing\u00e9nieur.e \u00e0 la retraite\u202f: conditions, obligations et limites \u00e0 conna\u00eetre pour \u00e9viter les zones grises.\",\"breadcrumb\":{\"@id\":\"https:\/\/www.oiq.qc.ca\/publication\/choisir-le-statut-de-membre-a-la-retraite-quest-ce-que-cela-implique\/#breadcrumb\"},\"inLanguage\":\"en-CA\",\"potentialAction\":[{\"@type\":\"ReadAction\",\"target\":[\"https:\/\/www.oiq.qc.ca\/publication\/choisir-le-statut-de-membre-a-la-retraite-quest-ce-que-cela-implique\/\"]}]},{\"@type\":\"BreadcrumbList\",\"@id\":\"https:\/\/www.oiq.qc.ca\/publication\/choisir-le-statut-de-membre-a-la-retraite-quest-ce-que-cela-implique\/#breadcrumb\",\"itemListElement\":[{\"@type\":\"ListItem\",\"position\":1,\"name\":\"Home\",\"item\":\"https:\/\/www.oiq.qc.ca\/en\/\"},{\"@type\":\"ListItem\",\"position\":2,\"name\":\"Choisir le statut de membre \u00e0 la retraite : qu\u2019est-ce que cela implique?\"}]},{\"@type\":\"WebSite\",\"@id\":\"https:\/\/www.oiq.qc.ca\/#website\",\"url\":\"https:\/\/www.oiq.qc.ca\/\",\"name\":\"OIQ - Ordre des ing\u00e9nieurs du Qu\u00e9bec\",\"description\":\"Ordre des ing\u00e9nieurs du Qu\u00e9bec\",\"publisher\":{\"@id\":\"https:\/\/www.oiq.qc.ca\/#organization\"},\"potentialAction\":[{\"@type\":\"SearchAction\",\"target\":{\"@type\":\"EntryPoint\",\"urlTemplate\":\"https:\/\/www.oiq.qc.ca\/?s={search_term_string}\"},\"query-input\":{\"@type\":\"PropertyValueSpecification\",\"valueRequired\":true,\"valueName\":\"search_term_string\"}}],\"inLanguage\":\"en-CA\"},{\"@type\":\"Organization\",\"@id\":\"https:\/\/www.oiq.qc.ca\/#organization\",\"name\":\"OIQ - Ordre des Ing\u00e9nieurs du Qu\u00e9bec\",\"url\":\"https:\/\/www.oiq.qc.ca\/\",\"logo\":{\"@type\":\"ImageObject\",\"inLanguage\":\"en-CA\",\"@id\":\"https:\/\/www.oiq.qc.ca\/#\/schema\/logo\/image\/\",\"url\":\"https:\/\/www.oiq.qc.ca\/wp-content\/uploads\/logo-oiq-696x696-yoast.png\",\"contentUrl\":\"https:\/\/www.oiq.qc.ca\/wp-content\/uploads\/logo-oiq-696x696-yoast.png\",\"width\":696,\"height\":696,\"caption\":\"OIQ - Ordre des Ing\u00e9nieurs du Qu\u00e9bec\"},\"image\":{\"@id\":\"https:\/\/www.oiq.qc.ca\/#\/schema\/logo\/image\/\"}}]}<\/script>\n<!-- \/ Yoast SEO plugin. -->","yoast_head_json":{"title":"Choisir le statut de membre \u00e0 la retraite : qu\u2019est-ce que cela implique? - OIQ - Ordre des ing\u00e9nieurs du Qu\u00e9bec (French only)","description":"Statut ing\u00e9nieur.e \u00e0 la retraite\u202f: conditions, obligations et limites \u00e0 conna\u00eetre pour \u00e9viter les zones grises.","robots":{"index":"index","follow":"follow","max-snippet":"max-snippet:-1","max-image-preview":"max-image-preview:large","max-video-preview":"max-video-preview:-1"},"canonical":"https:\/\/www.oiq.qc.ca\/publication\/choisir-le-statut-de-membre-a-la-retraite-quest-ce-que-cela-implique\/","og_locale":"en_US","og_type":"article","og_title":"Choisir le statut de membre \u00e0 la retraite : qu\u2019est-ce que cela implique? - OIQ - Ordre des ing\u00e9nieurs du Qu\u00e9bec","og_description":"Statut ing\u00e9nieur.e \u00e0 la retraite\u202f: conditions, obligations et limites \u00e0 conna\u00eetre pour \u00e9viter les zones grises.","og_url":"https:\/\/www.oiq.qc.ca\/publication\/choisir-le-statut-de-membre-a-la-retraite-quest-ce-que-cela-implique\/","og_site_name":"OIQ - Ordre des ing\u00e9nieurs du Qu\u00e9bec","article_modified_time":"2026-03-23T15:24:52+00:00","og_image":[{"width":1920,"height":1080,"url":"https:\/\/www.oiq.qc.ca\/wp-content\/uploads\/printemps-2026-1920x1080-pratique-exemplaire-vie-pro-statut-membre-retraite-1.jpg","type":"image\/jpeg"}],"twitter_card":"summary_large_image","twitter_image":"https:\/\/www.oiq.qc.ca\/wp-content\/uploads\/printemps-2026-1920x1080-pratique-exemplaire-vie-pro-statut-membre-retraite-1.jpg","twitter_misc":{"Est. reading time":"4 minutes"},"schema":{"@context":"https:\/\/schema.org","@graph":[{"@type":"WebPage","@id":"https:\/\/www.oiq.qc.ca\/publication\/choisir-le-statut-de-membre-a-la-retraite-quest-ce-que-cela-implique\/","url":"https:\/\/www.oiq.qc.ca\/publication\/choisir-le-statut-de-membre-a-la-retraite-quest-ce-que-cela-implique\/","name":"Choisir le statut de membre \u00e0 la retraite : qu\u2019est-ce que cela implique? - OIQ - Ordre des ing\u00e9nieurs du Qu\u00e9bec","isPartOf":{"@id":"https:\/\/www.oiq.qc.ca\/#website"},"datePublished":"2026-03-23T15:24:51+00:00","dateModified":"2026-03-23T15:24:52+00:00","description":"Statut ing\u00e9nieur.e \u00e0 la retraite\u202f: conditions, obligations et limites \u00e0 conna\u00eetre pour \u00e9viter les zones grises.","breadcrumb":{"@id":"https:\/\/www.oiq.qc.ca\/publication\/choisir-le-statut-de-membre-a-la-retraite-quest-ce-que-cela-implique\/#breadcrumb"},"inLanguage":"en-CA","potentialAction":[{"@type":"ReadAction","target":["https:\/\/www.oiq.qc.ca\/publication\/choisir-le-statut-de-membre-a-la-retraite-quest-ce-que-cela-implique\/"]}]},{"@type":"BreadcrumbList","@id":"https:\/\/www.oiq.qc.ca\/publication\/choisir-le-statut-de-membre-a-la-retraite-quest-ce-que-cela-implique\/#breadcrumb","itemListElement":[{"@type":"ListItem","position":1,"name":"Home","item":"https:\/\/www.oiq.qc.ca\/en\/"},{"@type":"ListItem","position":2,"name":"Choisir le statut de membre \u00e0 la retraite : qu\u2019est-ce que cela implique?"}]},{"@type":"WebSite","@id":"https:\/\/www.oiq.qc.ca\/#website","url":"https:\/\/www.oiq.qc.ca\/","name":"OIQ - Ordre des ing\u00e9nieurs du Qu\u00e9bec","description":"Ordre des ing\u00e9nieurs du Qu\u00e9bec","publisher":{"@id":"https:\/\/www.oiq.qc.ca\/#organization"},"potentialAction":[{"@type":"SearchAction","target":{"@type":"EntryPoint","urlTemplate":"https:\/\/www.oiq.qc.ca\/?s={search_term_string}"},"query-input":{"@type":"PropertyValueSpecification","valueRequired":true,"valueName":"search_term_string"}}],"inLanguage":"en-CA"},{"@type":"Organization","@id":"https:\/\/www.oiq.qc.ca\/#organization","name":"OIQ - Ordre des Ing\u00e9nieurs du Qu\u00e9bec","url":"https:\/\/www.oiq.qc.ca\/","logo":{"@type":"ImageObject","inLanguage":"en-CA","@id":"https:\/\/www.oiq.qc.ca\/#\/schema\/logo\/image\/","url":"https:\/\/www.oiq.qc.ca\/wp-content\/uploads\/logo-oiq-696x696-yoast.png","contentUrl":"https:\/\/www.oiq.qc.ca\/wp-content\/uploads\/logo-oiq-696x696-yoast.png","width":696,"height":696,"caption":"OIQ - Ordre des Ing\u00e9nieurs du Qu\u00e9bec"},"image":{"@id":"https:\/\/www.oiq.qc.ca\/#\/schema\/logo\/image\/"}}]}},"_links":{"self":[{"href":"https:\/\/www.oiq.qc.ca\/en\/wp-json\/wp\/v2\/publication\/52117","targetHints":{"allow":["GET"]}}],"collection":[{"href":"https:\/\/www.oiq.qc.ca\/en\/wp-json\/wp\/v2\/publication"}],"about":[{"href":"https:\/\/www.oiq.qc.ca\/en\/wp-json\/wp\/v2\/types\/publication"}],"version-history":[{"count":3,"href":"https:\/\/www.oiq.qc.ca\/en\/wp-json\/wp\/v2\/publication\/52117\/revisions"}],"predecessor-version":[{"id":52129,"href":"https:\/\/www.oiq.qc.ca\/en\/wp-json\/wp\/v2\/publication\/52117\/revisions\/52129"}],"wp:attachment":[{"href":"https:\/\/www.oiq.qc.ca\/en\/wp-json\/wp\/v2\/media?parent=52117"}],"wp:term":[{"taxonomy":"type_publication","embeddable":true,"href":"https:\/\/www.oiq.qc.ca\/en\/wp-json\/wp\/v2\/type_publication?post=52117"},{"taxonomy":"secteurs_activites","embeddable":true,"href":"https:\/\/www.oiq.qc.ca\/en\/wp-json\/wp\/v2\/secteurs_activites?post=52117"},{"taxonomy":"categorie_publication","embeddable":true,"href":"https:\/\/www.oiq.qc.ca\/en\/wp-json\/wp\/v2\/categorie_publication?post=52117"},{"taxonomy":"theme","embeddable":true,"href":"https:\/\/www.oiq.qc.ca\/en\/wp-json\/wp\/v2\/theme?post=52117"}],"curies":[{"name":"wp","href":"https:\/\/api.w.org\/{rel}","templated":true}]}}