{"id":17490,"date":"2022-03-12T14:55:47","date_gmt":"2022-03-12T14:55:47","guid":{"rendered":"https:\/\/www.oiq.qc.ca\/membres\/your-obligations\/declarations-et-obligations\/"},"modified":"2025-09-19T13:51:51","modified_gmt":"2025-09-19T17:51:51","slug":"prosecutions-and-convictions","status":"publish","type":"page","link":"https:\/\/www.oiq.qc.ca\/en\/membres\/your-obligations\/prosecutions-and-convictions\/","title":{"rendered":"Prosecutions and Convictions"},"content":{"rendered":"<div  class=\"block-wrapper \" data-block-name=\"Nouvelle Section\">\n<div class=\"new-section \" >\n        <div class=\"ns-container\">\n                            <div class=\"ns-inner\">\n                    <div class=\"ns-content\">\n                        <div class=\"container\">\n                            <div class=\"row\">\n                                <div class=\"col-12\">\n                                    <div class=\"ns-title\">\n                                                                                    <h2 class=\"ns-title\">Quand dois-je faire une d\u00e9claration relative \u00e0 une d\u00e9cision criminelle, p\u00e9nale ou disciplinaire?<\/h2>\n                                                                            <\/div>\n                                <\/div>\n                                <div class=\"col-12\">\n                                    <div class=\"ns-txt\">\n                                                                                    <div class=\"wysiwyg \">\n\t<p>Vous disposez d\u2019un d\u00e9lai de 10 jours \u00e0 compter du moment o\u00f9 vous \u00eates inform\u00e9 ou inform\u00e9e de la d\u00e9cision pour la d\u00e9clarer dans votre profil, dans le portail des membres.<\/p>\n\n<\/div>                                                                            <\/div>\n                                <\/div>\n                            <\/div>\n                        <\/div>\n                    <\/div>\n                                            <div class=\"container\">\n                            <div class=\"row\">\n                                <div class=\"col-12\">\n                                    <div class=\"ns-footer\" data-component=\"modal\">\n                                                                                                                                                                                <a href=\"https:\/\/membres.oiq.qc.ca\/OIQ\/PortailDesMembres\/Fiche_individu\/mon_compte.aspx?WebsiteKey=5cb9562d-12b8-4bb6-acce-9d22c247b2d6&amp;4743b0cf=4#4743b0cf\" target=\"_blank\" class=\"btn bordered\">\n\n            <span class=\"label\">Acc\u00e9der au portail pour faire une d\u00e9claration<\/span>\n    \n                    <span class=\"icon reset-font\"><svg xmlns=\"http:\/\/www.w3.org\/2000\/svg\" width=\"18\" height=\"16\" viewBox=\"0 0 18 16\" fill=\"none\" class=\"arrow-mini-icon\">\n\t<path d=\"M10.3601 1.25732L9.99606 1.6001L9.99606 1.6001L10.3601 1.25732ZM10.0173 0.893311L10.3813 0.550537L10.0385 0.186524L9.67453 0.529298L10.0173 0.893311ZM16.0226 7.27076L15.6586 7.61353L16.0226 8.0001L16.3867 7.61353L16.0226 7.27076ZM16.1788 7.10491L16.5216 6.7409L16.1576 6.39813L15.8148 6.76214L16.1788 7.10491ZM16.9068 7.79046L17.2709 8.13324L17.6136 7.76922L17.2496 7.42645L16.9068 7.79046ZM16.7094 8.0001L16.3454 7.65732L16.0226 8.0001L16.3454 8.34287L16.7094 8.0001ZM16.9068 8.20974L17.2496 8.57375L17.6136 8.23097L17.2709 7.86696L16.9068 8.20974ZM16.1788 8.89528L15.8148 9.23806L16.1576 9.60207L16.5216 9.2593L16.1788 8.89528ZM16.0226 8.72944L16.3867 8.38667L16.0226 8.0001L15.6586 8.38667L16.0226 8.72944ZM10.3601 14.7429L10.7241 15.0856L10.7241 15.0856L10.3601 14.7429ZM10.0173 15.1069L9.67453 15.4709L10.0385 15.8137L10.3813 15.4497L10.0173 15.1069ZM9.28927 14.4213L8.92526 14.0786L8.58248 14.4426L8.9465 14.7854L9.28927 14.4213ZM9.63205 14.0573L9.99606 14.4001L9.99606 14.4001L9.63205 14.0573ZM14.865 8.5001L15.229 8.84287L16.0226 8.0001H14.865V8.5001ZM1.30005 8.5001H0.800049V9.0001H1.30005V8.5001ZM1.30005 7.5001V7.0001H0.800049V7.5001H1.30005ZM14.865 7.5001V8.0001H16.0226L15.229 7.15732L14.865 7.5001ZM9.63205 1.94287L9.99606 1.6001L9.63205 1.94287ZM9.28927 1.57886L8.9465 1.21485L8.58248 1.55762L8.92526 1.92163L9.28927 1.57886ZM10.7241 0.91455L10.3813 0.550537L9.65329 1.23609L9.99606 1.6001L10.7241 0.91455ZM16.3867 6.92798L10.7241 0.91455L9.99606 1.6001L15.6586 7.61353L16.3867 6.92798ZM16.3867 7.61353L16.5428 7.44769L15.8148 6.76214L15.6586 6.92798L16.3867 7.61353ZM15.836 7.46893L16.5641 8.15448L17.2496 7.42645L16.5216 6.7409L15.836 7.46893ZM16.5428 7.44769L16.3454 7.65732L17.0734 8.34287L17.2709 8.13324L16.5428 7.44769ZM17.2709 7.86696L17.0734 7.65732L16.3454 8.34287L16.5428 8.55251L17.2709 7.86696ZM16.5216 9.2593L17.2496 8.57375L16.5641 7.84572L15.836 8.53127L16.5216 9.2593ZM15.6586 9.07222L15.8148 9.23806L16.5428 8.55251L16.3867 8.38667L15.6586 9.07222ZM15.6586 8.38667L9.99606 14.4001L10.7241 15.0856L16.3867 9.07222L15.6586 8.38667ZM9.99606 14.4001L9.65329 14.7641L10.3813 15.4497L10.7241 15.0856L9.99606 14.4001ZM10.3601 14.7429L9.63205 14.0573L8.9465 14.7854L9.67453 15.4709L10.3601 14.7429ZM9.65329 14.7641L9.99606 14.4001L9.26803 13.7146L8.92526 14.0786L9.65329 14.7641ZM9.99606 14.4001L15.229 8.84287L14.501 8.15732L9.26803 13.7146L9.99606 14.4001ZM1.80005 9.0001H14.865V8.0001H1.80005V9.0001ZM1.30005 9.0001H1.80005V8.0001H1.30005V9.0001ZM0.800049 7.5001V8.5001H1.80005V7.5001H0.800049ZM1.80005 7.0001H1.30005V8.0001H1.80005V7.0001ZM14.865 7.0001H1.80005V8.0001H14.865V7.0001ZM9.26803 2.28565L14.501 7.84287L15.229 7.15732L9.99606 1.6001L9.26803 2.28565ZM8.92526 1.92163L9.26803 2.28565L9.99606 1.6001L9.65329 1.23609L8.92526 1.92163ZM9.67453 0.529298L8.9465 1.21485L9.63205 1.94287L10.3601 1.25732L9.67453 0.529298Z\"\n\t      fill=\"#0046F0\" class=\"fill\"\/>\n<\/svg>\n<\/span>\n    \n    <\/a>\n                                                                                                                                                                    <\/div>\n                                <\/div>\n                            <\/div>\n                        <\/div>\n                                    <\/div>\n                    <\/div>\n    <\/div>\n\n<script>\n    $(window).load(function() {\n        let hash = window.location.hash;\n        if (hash) {\n            $('html,body').animate({ scrollTop: $(hash).offset().top - 60 }, 'slow');\n        }\n    });\n<\/script>\n<\/div>\n\n\n<div  class=\"block-wrapper \" data-block-name=\"Nouvelle Section\">\n<div class=\"new-section \" >\n        <div class=\"ns-container\">\n                            <div class=\"ns-inner\">\n                    <div class=\"ns-content\">\n                        <div class=\"container\">\n                            <div class=\"row\">\n                                <div class=\"col-12\">\n                                    <div class=\"ns-title\">\n                                                                                    <h2 class=\"ns-title\">Les types de d\u00e9clarations<\/h2>\n                                                                            <\/div>\n                                <\/div>\n                                <div class=\"col-12\">\n                                    <div class=\"ns-txt\">\n                                                                                    <div class=\"wysiwyg \">\n\t<h4>La d\u00e9claration d\u2019une infraction criminelle<\/h4>\n<p>Vous devez d\u00e9clarer :<\/p>\n<ul>\n<li data-gc-list-depth=\"1\" data-gc-list-style=\"bullet\">Toute d\u00e9cision d\u2019un tribunal canadien qui vous a d\u00e9clar\u00e9 ou d\u00e9clar\u00e9e coupable d\u2019une infraction criminelle.<\/li>\n<li data-gc-list-depth=\"1\" data-gc-list-style=\"bullet\">Toute d\u00e9cision rendue par un tribunal \u00e9tranger qui vous a d\u00e9clar\u00e9 ou d\u00e9clar\u00e9e coupable d\u2019une infraction qui, si elle avait \u00e9t\u00e9 commise au Canada, aurait pu faire l\u2019objet d\u2019une poursuite criminelle.<\/li>\n<\/ul>\n<h4>La d\u00e9claration d\u2019une d\u00e9cision p\u00e9nale<\/h4>\n<p>Vous devez d\u00e9clarer :<\/p>\n<ul>\n<li data-gc-list-depth=\"1\" data-gc-list-style=\"bullet\">Toute d\u00e9cision p\u00e9nale qui vous a d\u00e9clar\u00e9 coupable d\u2019une infraction \u00e0 l\u2019article 188 du <a href=\"https:\/\/www.legisquebec.gouv.qc.ca\/fr\/document\/lc\/C-26?&amp;cible=\" target=\"_blank\" rel=\"noopener noreferrer\" data-gc-link=\"https:\/\/www.legisquebec.gouv.qc.ca\/fr\/document\/lc\/C-26?&amp;cible=\">Code des professions<\/a>.<\/li>\n<li data-gc-list-depth=\"1\" data-gc-list-style=\"bullet\">Toute d\u00e9cision rendue \u00e0 l\u2019ext\u00e9rieur du Qu\u00e9bec qui vous a d\u00e9clar\u00e9 coupable d\u2019exercice ill\u00e9gal d\u2019une profession ou d\u2019usurpation d\u2019un titre professionnel r\u00e9serv\u00e9.<\/li>\n<\/ul>\n<h4>La d\u00e9claration d\u2019une d\u00e9cision disciplinaire<\/h4>\n<p>Vous devez d\u00e9clarer l\u2019existence de toute d\u00e9cision disciplinaire qui touche votre droit d&#8217;exercice, qu&#8217;il s&#8217;agisse d&#8217;une radiation, d&#8217;une r\u00e9vocation de permis, d&#8217;une limitation ou d&#8217;une suspension de votre droit d\u2019exercice ou de toute autre sanction similaire. Ces d\u00e9cisions peuvent provenir des instances suivantes :<\/p>\n<ul>\n<li data-gc-list-depth=\"1\" data-gc-list-style=\"bullet\">Autre ordre professionnel<\/li>\n<li data-gc-list-depth=\"1\" data-gc-list-style=\"bullet\">Tribunal des professions<\/li>\n<li data-gc-list-depth=\"1\" data-gc-list-style=\"bullet\">Autres organismes similaires<\/li>\n<\/ul>\n<h2><strong>Quelles sont les cons\u00e9quences d&#8217;avoir fait l&#8217;objet d&#8217;une d\u00e9cision criminelle, p\u00e9nale ou disciplinaire?<\/strong><\/h2>\n<p>La d\u00e9claration n&#8217;entra\u00eene pas automatiquement des sanctions ou la mise en place de mesures particuli\u00e8res. Lorsque vous aurez transmis votre formulaire ainsi que toute la documentation aff\u00e9rente, l\u2019Ordre \u00e9valuera s\u2019il existe un lien entre votre condamnation et l\u2019exercice de la profession. Si un tel lien existe, il pourrait d\u00e9cider de vous imposer une radiation, une limitation ou une suspension de votre droit d\u2019exercice si la protection du public le justifie.<\/p>\n<p>Avant de rendre sa d\u00e9cision par contre, l\u2019Ordre vous donnera l\u2019occasion de prendre des mesures, sauf si vous omettez de transmettre un document ou un renseignement. Remplir vos d\u00e9clarations dans les temps et soumettre toute l\u2019information demand\u00e9e est donc tr\u00e8s importan<\/p>\n\n<\/div>                                                                            <\/div>\n                                <\/div>\n                            <\/div>\n                        <\/div>\n                    <\/div>\n                                    <\/div>\n                    <\/div>\n    <\/div>\n\n<script>\n    $(window).load(function() {\n        let hash = window.location.hash;\n        if (hash) {\n            $('html,body').animate({ scrollTop: $(hash).offset().top - 60 }, 'slow');\n        }\n    });\n<\/script>\n<\/div>\n","protected":false},"excerpt":{"rendered":"","protected":false},"author":1,"featured_media":0,"parent":16216,"menu_order":0,"comment_status":"closed","ping_status":"closed","template":"views\/template-builder.blade.php","meta":{"_acf_changed":false,"_relevanssi_hide_post":"","_relevanssi_hide_content":"","_relevanssi_pin_for_all":"","_relevanssi_pin_keywords":"","_relevanssi_unpin_keywords":"","_relevanssi_related_keywords":"","_relevanssi_related_include_ids":"","_relevanssi_related_exclude_ids":"","_relevanssi_related_no_append":"","_relevanssi_related_not_related":"","_relevanssi_related_posts":"1","_relevanssi_noindex_reason":"","inline_featured_image":false,"footnotes":""},"class_list":["post-17490","page","type-page","status-publish","hentry"],"acf":[],"yoast_head":"<!-- This site is optimized with the Yoast SEO plugin v26.6 - https:\/\/yoast.com\/wordpress\/plugins\/seo\/ -->\n<title>OIQ &#8211; Ordre des ing\u00e9nieurs du Qu\u00e9bec<\/title>\n<meta name=\"description\" content=\"Les ing\u00e9nieurs doivent mettre \u00e0 jour leur profil et d\u00e9clarer toutes d\u00e9cisions p\u00e9nales ou autres les concernant. Voyez comment!\" \/>\n<meta name=\"robots\" content=\"index, follow, max-snippet:-1, max-image-preview:large, max-video-preview:-1\" \/>\n<link rel=\"canonical\" href=\"https:\/\/www.oiq.qc.ca\/en\/membres\/your-obligations\/prosecutions-and-convictions\/\" \/>\n<meta property=\"og:locale\" content=\"en_US\" \/>\n<meta property=\"og:type\" content=\"article\" \/>\n<meta property=\"og:title\" content=\"Prosecutions and Convictions - OIQ - Ordre des ing\u00e9nieurs du Qu\u00e9bec\" \/>\n<meta property=\"og:description\" content=\"Les ing\u00e9nieurs doivent mettre \u00e0 jour leur profil et d\u00e9clarer toutes d\u00e9cisions p\u00e9nales ou autres les concernant. Voyez comment!\" \/>\n<meta property=\"og:url\" content=\"https:\/\/www.oiq.qc.ca\/en\/membres\/your-obligations\/prosecutions-and-convictions\/\" \/>\n<meta property=\"og:site_name\" content=\"OIQ - Ordre des ing\u00e9nieurs du Qu\u00e9bec\" \/>\n<meta property=\"article:modified_time\" content=\"2025-09-19T17:51:51+00:00\" \/>\n<meta property=\"og:image\" content=\"https:\/\/www.oiq.qc.ca\/wp-content\/uploads\/vignette-web.png\" \/>\n\t<meta property=\"og:image:width\" content=\"1200\" \/>\n\t<meta property=\"og:image:height\" content=\"675\" \/>\n\t<meta property=\"og:image:type\" content=\"image\/png\" \/>\n<meta name=\"twitter:card\" content=\"summary_large_image\" \/>\n<meta name=\"twitter:label1\" content=\"Est. reading time\" \/>\n\t<meta name=\"twitter:data1\" content=\"4 minutes\" \/>\n<script type=\"application\/ld+json\" class=\"yoast-schema-graph\">{\"@context\":\"https:\/\/schema.org\",\"@graph\":[{\"@type\":\"WebPage\",\"@id\":\"https:\/\/www.oiq.qc.ca\/en\/membres\/your-obligations\/prosecutions-and-convictions\/\",\"url\":\"https:\/\/www.oiq.qc.ca\/en\/membres\/your-obligations\/prosecutions-and-convictions\/\",\"name\":\"Prosecutions and Convictions - OIQ - Ordre des ing\u00e9nieurs du Qu\u00e9bec\",\"isPartOf\":{\"@id\":\"https:\/\/www.oiq.qc.ca\/#website\"},\"datePublished\":\"2022-03-12T14:55:47+00:00\",\"dateModified\":\"2025-09-19T17:51:51+00:00\",\"description\":\"Les ing\u00e9nieurs doivent mettre \u00e0 jour leur profil et d\u00e9clarer toutes d\u00e9cisions p\u00e9nales ou autres les concernant. Voyez comment!\",\"breadcrumb\":{\"@id\":\"https:\/\/www.oiq.qc.ca\/en\/membres\/your-obligations\/prosecutions-and-convictions\/#breadcrumb\"},\"inLanguage\":\"en-CA\",\"potentialAction\":[{\"@type\":\"ReadAction\",\"target\":[\"https:\/\/www.oiq.qc.ca\/en\/membres\/your-obligations\/prosecutions-and-convictions\/\"]}]},{\"@type\":\"BreadcrumbList\",\"@id\":\"https:\/\/www.oiq.qc.ca\/en\/membres\/your-obligations\/prosecutions-and-convictions\/#breadcrumb\",\"itemListElement\":[{\"@type\":\"ListItem\",\"position\":1,\"name\":\"Home\",\"item\":\"https:\/\/www.oiq.qc.ca\/en\/\"},{\"@type\":\"ListItem\",\"position\":2,\"name\":\"Membres\",\"item\":\"https:\/\/www.oiq.qc.ca\/en\/membres\/\"},{\"@type\":\"ListItem\",\"position\":3,\"name\":\"Your Obligations\",\"item\":\"https:\/\/www.oiq.qc.ca\/en\/membres\/your-obligations\/\"},{\"@type\":\"ListItem\",\"position\":4,\"name\":\"Prosecutions and Convictions\"}]},{\"@type\":\"WebSite\",\"@id\":\"https:\/\/www.oiq.qc.ca\/#website\",\"url\":\"https:\/\/www.oiq.qc.ca\/\",\"name\":\"OIQ - Ordre des ing\u00e9nieurs du Qu\u00e9bec\",\"description\":\"Ordre des ing\u00e9nieurs du Qu\u00e9bec\",\"publisher\":{\"@id\":\"https:\/\/www.oiq.qc.ca\/#organization\"},\"potentialAction\":[{\"@type\":\"SearchAction\",\"target\":{\"@type\":\"EntryPoint\",\"urlTemplate\":\"https:\/\/www.oiq.qc.ca\/?s={search_term_string}\"},\"query-input\":{\"@type\":\"PropertyValueSpecification\",\"valueRequired\":true,\"valueName\":\"search_term_string\"}}],\"inLanguage\":\"en-CA\"},{\"@type\":\"Organization\",\"@id\":\"https:\/\/www.oiq.qc.ca\/#organization\",\"name\":\"OIQ - Ordre des Ing\u00e9nieurs du Qu\u00e9bec\",\"url\":\"https:\/\/www.oiq.qc.ca\/\",\"logo\":{\"@type\":\"ImageObject\",\"inLanguage\":\"en-CA\",\"@id\":\"https:\/\/www.oiq.qc.ca\/#\/schema\/logo\/image\/\",\"url\":\"https:\/\/www.oiq.qc.ca\/wp-content\/uploads\/logo-oiq-696x696-yoast.png\",\"contentUrl\":\"https:\/\/www.oiq.qc.ca\/wp-content\/uploads\/logo-oiq-696x696-yoast.png\",\"width\":696,\"height\":696,\"caption\":\"OIQ - Ordre des Ing\u00e9nieurs du Qu\u00e9bec\"},\"image\":{\"@id\":\"https:\/\/www.oiq.qc.ca\/#\/schema\/logo\/image\/\"}}]}<\/script>\n<!-- \/ Yoast SEO plugin. -->","yoast_head_json":{"title":"OIQ &#8211; Ordre des ing\u00e9nieurs du Qu\u00e9bec","description":"Les ing\u00e9nieurs doivent mettre \u00e0 jour leur profil et d\u00e9clarer toutes d\u00e9cisions p\u00e9nales ou autres les concernant. Voyez comment!","robots":{"index":"index","follow":"follow","max-snippet":"max-snippet:-1","max-image-preview":"max-image-preview:large","max-video-preview":"max-video-preview:-1"},"canonical":"https:\/\/www.oiq.qc.ca\/en\/membres\/your-obligations\/prosecutions-and-convictions\/","og_locale":"en_US","og_type":"article","og_title":"Prosecutions and Convictions - OIQ - Ordre des ing\u00e9nieurs du Qu\u00e9bec","og_description":"Les ing\u00e9nieurs doivent mettre \u00e0 jour leur profil et d\u00e9clarer toutes d\u00e9cisions p\u00e9nales ou autres les concernant. Voyez comment!","og_url":"https:\/\/www.oiq.qc.ca\/en\/membres\/your-obligations\/prosecutions-and-convictions\/","og_site_name":"OIQ - Ordre des ing\u00e9nieurs du Qu\u00e9bec","article_modified_time":"2025-09-19T17:51:51+00:00","og_image":[{"width":1200,"height":675,"url":"https:\/\/www.oiq.qc.ca\/wp-content\/uploads\/vignette-web.png","type":"image\/png"}],"twitter_card":"summary_large_image","twitter_misc":{"Est. reading time":"4 minutes"},"schema":{"@context":"https:\/\/schema.org","@graph":[{"@type":"WebPage","@id":"https:\/\/www.oiq.qc.ca\/en\/membres\/your-obligations\/prosecutions-and-convictions\/","url":"https:\/\/www.oiq.qc.ca\/en\/membres\/your-obligations\/prosecutions-and-convictions\/","name":"Prosecutions and Convictions - OIQ - Ordre des ing\u00e9nieurs du Qu\u00e9bec","isPartOf":{"@id":"https:\/\/www.oiq.qc.ca\/#website"},"datePublished":"2022-03-12T14:55:47+00:00","dateModified":"2025-09-19T17:51:51+00:00","description":"Les ing\u00e9nieurs doivent mettre \u00e0 jour leur profil et d\u00e9clarer toutes d\u00e9cisions p\u00e9nales ou autres les concernant. Voyez comment!","breadcrumb":{"@id":"https:\/\/www.oiq.qc.ca\/en\/membres\/your-obligations\/prosecutions-and-convictions\/#breadcrumb"},"inLanguage":"en-CA","potentialAction":[{"@type":"ReadAction","target":["https:\/\/www.oiq.qc.ca\/en\/membres\/your-obligations\/prosecutions-and-convictions\/"]}]},{"@type":"BreadcrumbList","@id":"https:\/\/www.oiq.qc.ca\/en\/membres\/your-obligations\/prosecutions-and-convictions\/#breadcrumb","itemListElement":[{"@type":"ListItem","position":1,"name":"Home","item":"https:\/\/www.oiq.qc.ca\/en\/"},{"@type":"ListItem","position":2,"name":"Membres","item":"https:\/\/www.oiq.qc.ca\/en\/membres\/"},{"@type":"ListItem","position":3,"name":"Your Obligations","item":"https:\/\/www.oiq.qc.ca\/en\/membres\/your-obligations\/"},{"@type":"ListItem","position":4,"name":"Prosecutions and Convictions"}]},{"@type":"WebSite","@id":"https:\/\/www.oiq.qc.ca\/#website","url":"https:\/\/www.oiq.qc.ca\/","name":"OIQ - Ordre des ing\u00e9nieurs du Qu\u00e9bec","description":"Ordre des ing\u00e9nieurs du Qu\u00e9bec","publisher":{"@id":"https:\/\/www.oiq.qc.ca\/#organization"},"potentialAction":[{"@type":"SearchAction","target":{"@type":"EntryPoint","urlTemplate":"https:\/\/www.oiq.qc.ca\/?s={search_term_string}"},"query-input":{"@type":"PropertyValueSpecification","valueRequired":true,"valueName":"search_term_string"}}],"inLanguage":"en-CA"},{"@type":"Organization","@id":"https:\/\/www.oiq.qc.ca\/#organization","name":"OIQ - Ordre des Ing\u00e9nieurs du Qu\u00e9bec","url":"https:\/\/www.oiq.qc.ca\/","logo":{"@type":"ImageObject","inLanguage":"en-CA","@id":"https:\/\/www.oiq.qc.ca\/#\/schema\/logo\/image\/","url":"https:\/\/www.oiq.qc.ca\/wp-content\/uploads\/logo-oiq-696x696-yoast.png","contentUrl":"https:\/\/www.oiq.qc.ca\/wp-content\/uploads\/logo-oiq-696x696-yoast.png","width":696,"height":696,"caption":"OIQ - Ordre des Ing\u00e9nieurs du Qu\u00e9bec"},"image":{"@id":"https:\/\/www.oiq.qc.ca\/#\/schema\/logo\/image\/"}}]}},"_links":{"self":[{"href":"https:\/\/www.oiq.qc.ca\/en\/wp-json\/wp\/v2\/pages\/17490","targetHints":{"allow":["GET"]}}],"collection":[{"href":"https:\/\/www.oiq.qc.ca\/en\/wp-json\/wp\/v2\/pages"}],"about":[{"href":"https:\/\/www.oiq.qc.ca\/en\/wp-json\/wp\/v2\/types\/page"}],"author":[{"embeddable":true,"href":"https:\/\/www.oiq.qc.ca\/en\/wp-json\/wp\/v2\/users\/1"}],"replies":[{"embeddable":true,"href":"https:\/\/www.oiq.qc.ca\/en\/wp-json\/wp\/v2\/comments?post=17490"}],"version-history":[{"count":0,"href":"https:\/\/www.oiq.qc.ca\/en\/wp-json\/wp\/v2\/pages\/17490\/revisions"}],"up":[{"embeddable":true,"href":"https:\/\/www.oiq.qc.ca\/en\/wp-json\/wp\/v2\/pages\/16216"}],"wp:attachment":[{"href":"https:\/\/www.oiq.qc.ca\/en\/wp-json\/wp\/v2\/media?parent=17490"}],"curies":[{"name":"wp","href":"https:\/\/api.w.org\/{rel}","templated":true}]}}